{"id":1907,"date":"2025-01-28T10:32:52","date_gmt":"2025-01-28T10:32:52","guid":{"rendered":"https:\/\/theroyalcamper.com\/?page_id=1907"},"modified":"2026-02-09T13:22:15","modified_gmt":"2026-02-09T13:22:15","slug":"route","status":"publish","type":"page","link":"https:\/\/theroyalcamper.com\/fr\/route\/","title":{"rendered":"Location de camping-car"},"content":{"rendered":"<div data-elementor-type=\"wp-page\" data-elementor-id=\"1907\" class=\"elementor elementor-1907\" data-elementor-post-type=\"page\">\n\t\t\t\t<div data-dce-background-image-url=\"https:\/\/theroyalcamper.com\/wp-content\/uploads\/2025\/01\/aas.jpg\" class=\"elementor-element elementor-element-4811a1b e-con-full e-flex e-con e-parent\" data-id=\"4811a1b\" data-element_type=\"container\" data-settings=\"{&quot;background_background&quot;:&quot;classic&quot;}\">\n\t\t\t\t<\/div>\n\t\t<div class=\"elementor-element elementor-element-f44899a e-flex e-con-boxed e-con e-parent\" data-id=\"f44899a\" data-element_type=\"container\" data-settings=\"{&quot;background_background&quot;:&quot;classic&quot;}\">\n\t\t\t\t\t<div class=\"e-con-inner\">\n\t\t\t\t<div class=\"elementor-element elementor-element-b6b5178 elementor-widget elementor-widget-heading\" data-id=\"b6b5178\" data-element_type=\"widget\" data-widget_type=\"heading.default\">\n\t\t\t\t<div class=\"elementor-widget-container\">\n\t\t\t\t\t<h2 class=\"elementor-heading-title elementor-size-default\">Location de van am\u00e9nag\u00e9 en Gr\u00e8ce<\/h2>\t\t\t\t<\/div>\n\t\t\t\t<\/div>\n\t\t\t\t<div class=\"elementor-element elementor-element-b9fcfcb elementor-widget__width-initial elementor-widget elementor-widget-text-editor\" data-id=\"b9fcfcb\" data-element_type=\"widget\" data-widget_type=\"text-editor.default\">\n\t\t\t\t<div class=\"elementor-widget-container\">\n\t\t\t\t\t\t\t\t\t<p data-start=\"251\" data-end=\"535\">Nos locations de vans am\u00e9nag\u00e9s en Gr\u00e8ce sont con\u00e7ues pour les voyageurs en qu\u00eate de libert\u00e9 totale, de confort et de flexibilit\u00e9. Gr\u00e2ce \u00e0 nos v\u00e9hicules premium enti\u00e8rement \u00e9quip\u00e9s, vous pourrez explorer la Gr\u00e8ce \u00e0 votre propre rythme \u2013 des routes c\u00f4ti\u00e8res et acc\u00e8s aux \u00eeles, jusqu'aux paysages montagneux et destinations recul\u00e9es.<\/p><p data-start=\"542\" data-end=\"829\">Louer un van am\u00e9nag\u00e9 en Gr\u00e8ce vous permet de voyager sans horaires fixes, de vivre au plus pr\u00e8s de la nature et de d\u00e9couvrir le pays au-del\u00e0 des h\u00f4tels traditionnels. Que vous pr\u00e9voyiez une courte escapade ou une aventure de plusieurs semaines, nos vans vous offrent une ma\u00eetrise totale de votre voyage.<\/p>\t\t\t\t\t\t\t\t<\/div>\n\t\t\t\t<\/div>\n\t\t\t\t\t<\/div>\n\t\t\t\t<\/div>\n\t\t<div class=\"elementor-element elementor-element-c046fa5 e-flex e-con-boxed e-con e-parent\" data-id=\"c046fa5\" data-element_type=\"container\">\n\t\t\t\t\t<div class=\"e-con-inner\">\n\t\t\t\t<div class=\"elementor-element elementor-element-2771c41 elementor-widget elementor-widget-spacer\" data-id=\"2771c41\" data-element_type=\"widget\" data-widget_type=\"spacer.default\">\n\t\t\t\t<div class=\"elementor-widget-container\">\n\t\t\t\t\t\t\t<div class=\"elementor-spacer\">\n\t\t\t<div class=\"elementor-spacer-inner\"><\/div>\n\t\t<\/div>\n\t\t\t\t\t\t<\/div>\n\t\t\t\t<\/div>\n\t\t\t\t\t<\/div>\n\t\t\t\t<\/div>\n\t\t<div class=\"elementor-element elementor-element-cf196fb e-flex e-con-boxed e-con e-parent\" data-id=\"cf196fb\" data-element_type=\"container\">\n\t\t\t\t\t<div class=\"e-con-inner\">\n\t\t\t\t<div class=\"elementor-element elementor-element-f2e665f elementor-widget elementor-widget-heading\" data-id=\"f2e665f\" data-element_type=\"widget\" data-widget_type=\"heading.default\">\n\t\t\t\t<div class=\"elementor-widget-container\">\n\t\t\t\t\t<h2 class=\"elementor-heading-title elementor-size-default\">Pourquoi louer un van am\u00e9nag\u00e9 en Gr\u00e8ce ?<\/h2>\t\t\t\t<\/div>\n\t\t\t\t<\/div>\n\t\t\t\t\t<\/div>\n\t\t\t\t<\/div>\n\t\t<div class=\"elementor-element elementor-element-5a10eb6 e-flex e-con-boxed e-con e-parent\" data-id=\"5a10eb6\" data-element_type=\"container\">\n\t\t\t\t\t<div class=\"e-con-inner\">\n\t\t\t\t<div class=\"elementor-element elementor-element-25a425f elementor-widget elementor-widget-text-editor\" data-id=\"25a425f\" data-element_type=\"widget\" data-widget_type=\"text-editor.default\">\n\t\t\t\t<div class=\"elementor-widget-container\">\n\t\t\t\t\t\t\t\t\t<p data-start=\"437\" data-end=\"644\">La Gr\u00e8ce est l'un des meilleurs pays d'Europe pour voyager en van am\u00e9nag\u00e9. Avec ses paysages vari\u00e9s, son climat doux et ses itin\u00e9raires infinis, la location d'un van en Gr\u00e8ce offre une flexibilit\u00e9 et une qualit\u00e9 d'exp\u00e9rience in\u00e9gal\u00e9es.<\/p><p data-start=\"651\" data-end=\"827\">Des spots de camping en bord de mer et villages de montagne aux sites historiques et parcs nationaux, voyager en van am\u00e9nag\u00e9 vous permet de d\u00e9couvrir la Gr\u00e8ce hors des sentiers battus.<\/p>\t\t\t\t\t\t\t\t<\/div>\n\t\t\t\t<\/div>\n\t\t\t\t\t<\/div>\n\t\t\t\t<\/div>\n\t\t<div class=\"elementor-element elementor-element-a17a47b e-flex e-con-boxed e-con e-parent\" data-id=\"a17a47b\" data-element_type=\"container\">\n\t\t\t\t\t<div class=\"e-con-inner\">\n\t\t<div class=\"elementor-element elementor-element-0007b97 e-con-full e-flex e-con e-child\" data-id=\"0007b97\" data-element_type=\"container\">\n\t\t\t\t<div class=\"elementor-element elementor-element-94f2998 arrows-relative-to-box_area bullets-small-dot-stroke elementor-widget elementor-widget-the7_elements_carousel\" data-id=\"94f2998\" data-element_type=\"widget\" data-settings=\"{&quot;widget_columns&quot;:1,&quot;widget_columns_tablet&quot;:2,&quot;widget_columns_mobile&quot;:1,&quot;gap_between_posts&quot;:{&quot;unit&quot;:&quot;px&quot;,&quot;size&quot;:15,&quot;sizes&quot;:[]},&quot;gap_between_posts_tablet&quot;:{&quot;unit&quot;:&quot;px&quot;,&quot;size&quot;:&quot;&quot;,&quot;sizes&quot;:[]},&quot;gap_between_posts_mobile&quot;:{&quot;unit&quot;:&quot;px&quot;,&quot;size&quot;:&quot;&quot;,&quot;sizes&quot;:[]}}\" data-widget_type=\"the7_elements_carousel.default\">\n\t\t\t\t<div class=\"elementor-widget-container\">\n\t\t\t\t\t<div class=\"disable-arrows-hover-bg the7_elements_carousel-94f2998 owl-carousel portfolio-carousel-shortcode elementor-owl-carousel-call portfolio-shortcode the7-elementor-widget content-bg-on classic-layout-list description-under-image quick-scale-img enable-bg-rollover\" data-scroll-mode=\"1\" data-auto-height=\"false\" data-speed=\"600\" data-autoplay=\"false\" data-autoplay_speed=\"\"><article class=\"post visible post-3081 type-post status-publish format-standard has-post-thumbnail hentry category-blog tag-camper-van- tag-roadtrip- tag-van-life- tag---camper tag-33 category-21 description-off\">\n\n\t<div class=\"post-thumbnail-wrap\">\n\t\t<div class=\"post-thumbnail\">\n\n\t\t\t<a class=\"post-thumbnail-rollover layzr-bg img-css-resize-wrapper\" aria-label=\"Image article\" href=\"https:\/\/theroyalcamper.com\/fr\/enoikiasi-autokinoumenou-ellada\/\"><img fetchpriority=\"high\" decoding=\"async\" width=\"300\" height=\"169\" src=\"data:image\/svg+xml,%3Csvg%20xmlns%3D&#039;http%3A%2F%2Fwww.w3.org%2F2000%2Fsvg&#039;%20viewBox%3D&#039;0%200%201%201&#039;%2F%3E\" class=\"attachment-gform-image-choice-sm size-gform-image-choice-sm preload-me aspect lazy lazy-load\" alt=\"\u03b5\u03c3\u03c9\u03c4\u03b5\u03c1\u03b9\u03ba\u03cc \u03b1\u03c5\u03c4\u03bf\u03ba\u03b9\u03bd\u03bf\u03cd\u03bc\u03b5\u03bd\u03bf\u03c5 camper van \u03c3\u03c4\u03b7\u03bd \u0395\u03bb\u03bb\u03ac\u03b4\u03b1\" sizes=\"(max-width: 300px) 100vw, 300px\" data-src=\"https:\/\/theroyalcamper.com\/wp-content\/uploads\/2025\/01\/edc9e664-56df-4190-a4d5-2662745a3401.jpg\" loading=\"eager\" data-srcset=\"https:\/\/theroyalcamper.com\/wp-content\/uploads\/2025\/01\/edc9e664-56df-4190-a4d5-2662745a3401.jpg 1600w, https:\/\/theroyalcamper.com\/wp-content\/uploads\/2025\/01\/edc9e664-56df-4190-a4d5-2662745a3401-300x169.jpg 300w, https:\/\/theroyalcamper.com\/wp-content\/uploads\/2025\/01\/edc9e664-56df-4190-a4d5-2662745a3401-1024x576.jpg 1024w, https:\/\/theroyalcamper.com\/wp-content\/uploads\/2025\/01\/edc9e664-56df-4190-a4d5-2662745a3401-768x432.jpg 768w, https:\/\/theroyalcamper.com\/wp-content\/uploads\/2025\/01\/edc9e664-56df-4190-a4d5-2662745a3401-1536x864.jpg 1536w, https:\/\/theroyalcamper.com\/wp-content\/uploads\/2025\/01\/edc9e664-56df-4190-a4d5-2662745a3401-18x10.jpg 18w, https:\/\/theroyalcamper.com\/wp-content\/uploads\/2025\/01\/edc9e664-56df-4190-a4d5-2662745a3401-460x259.jpg 460w\" \/><span class=\"the7-hover-icon\"><i aria-hidden=\"true\" class=\"fas fa-plus\"><\/i><\/span><\/a>\n\t\t<\/div>\n\t<\/div>\n\n\n<div class=\"post-entry-content\">\n\n\t<h3 class=\"ele-entry-title\"><a href=\"https:\/\/theroyalcamper.com\/fr\/enoikiasi-autokinoumenou-ellada\/\" rel=\"bookmark\" title=\"Location de Camping-car en Gr\u00e8ce : Le Guide Ultime pour votre Road Trip 2026\">Location de Camping-car en Gr\u00e8ce : Le Guide Ultime pour votre Road Trip 2026<\/a><\/h3><div class=\"entry-meta\"><span class=\"meta-item category-link\"><a href=\"https:\/\/theroyalcamper.com\/fr\/category\/blog\/\" rel=\"tag\">Blog<\/a><\/span><a href=\"https:\/\/theroyalcamper.com\/fr\/2026\/04\/01\/\" title=\"9:15 am\" class=\"meta-item data-link\" rel=\"bookmark\"><time class=\"entry-date updated\" datetime=\"2026-04-01T09:15:16+00:00\">01-04-2026<\/time><\/a><\/div><div class=\"entry-excerpt\"><p>La location de camping-car en Gr\u00e8ce a connu une croissance explosive ces derni\u00e8res ann\u00e9es, offrant un sentiment de libert\u00e9 unique qu'aucun h\u00f4tel ne \u03bc\u03c0\u03bf\u03c1\u03b5\u03af \u03bd\u03b1 \u00e9galer. Le r\u00eave de la Van Life en Gr\u00e8ce est d\u00e9sormais accessible \u00e0 tout voyageur en qu\u00eate d'aventure sans sacrifier le confort. Que vous planifiez des vacances en campervan en Gr\u00e8ce ou que vous recherchiez des informations d\u00e9taill\u00e9es sur les tarifs et les proc\u00e9dures de location, ce guide couvre tout ce que vous devez savoir pour lancer votre exp\u00e9dition.<\/p>\n<\/div><a href=\"https:\/\/theroyalcamper.com\/fr\/enoikiasi-autokinoumenou-ellada\/\" target=\"\" aria-label=\"En savoir plus sur Camper Rental Greece: The Ultimate Guide To Your 2026 Road Trip\" class=\"box-button elementor-button elementor-size-xs\">Read our Article<\/a>\n<\/div><\/article><\/div><div class=\"owl-nav disabled\"><div class=\"owl-prev\" role=\"button\"><i class=\"fas fa-chevron-left\"><\/i><\/div><div class=\"owl-next\" role=\"button\"><i class=\"fas fa-chevron-right\"><\/i><\/div><\/div>\t\t\t\t<\/div>\n\t\t\t\t<\/div>\n\t\t\t\t<div class=\"elementor-element elementor-element-6a16e43 elementor-widget elementor-widget-spacer\" data-id=\"6a16e43\" data-element_type=\"widget\" data-widget_type=\"spacer.default\">\n\t\t\t\t<div class=\"elementor-widget-container\">\n\t\t\t\t\t\t\t<div class=\"elementor-spacer\">\n\t\t\t<div class=\"elementor-spacer-inner\"><\/div>\n\t\t<\/div>\n\t\t\t\t\t\t<\/div>\n\t\t\t\t<\/div>\n\t\t\t\t<\/div>\n\t\t\t\t\t<\/div>\n\t\t\t\t<\/div>\n\t\t<div class=\"elementor-element elementor-element-a4fb5f6 e-flex e-con-boxed e-con e-parent\" data-id=\"a4fb5f6\" data-element_type=\"container\">\n\t\t\t\t\t<div class=\"e-con-inner\">\n\t\t\t\t<div class=\"elementor-element elementor-element-a5e0f9c elementor-widget elementor-widget-spacer\" data-id=\"a5e0f9c\" data-element_type=\"widget\" data-widget_type=\"spacer.default\">\n\t\t\t\t<div class=\"elementor-widget-container\">\n\t\t\t\t\t\t\t<div class=\"elementor-spacer\">\n\t\t\t<div class=\"elementor-spacer-inner\"><\/div>\n\t\t<\/div>\n\t\t\t\t\t\t<\/div>\n\t\t\t\t<\/div>\n\t\t\t\t\t<\/div>\n\t\t\t\t<\/div>\n\t\t<div class=\"elementor-element elementor-element-87719ba e-flex e-con-boxed e-con e-parent\" data-id=\"87719ba\" data-element_type=\"container\">\n\t\t\t\t\t<div class=\"e-con-inner\">\n\t\t\t\t<div class=\"elementor-element elementor-element-4e9f89c elementor-widget elementor-widget-heading\" data-id=\"4e9f89c\" data-element_type=\"widget\" data-widget_type=\"heading.default\">\n\t\t\t\t<div class=\"elementor-widget-container\">\n\t\t\t\t\t<h2 class=\"elementor-heading-title elementor-size-default\">Quelques itin\u00e9raires au choix<\/h2>\t\t\t\t<\/div>\n\t\t\t\t<\/div>\n\t\t\t\t\t<\/div>\n\t\t\t\t<\/div>\n\t\t<div class=\"elementor-element elementor-element-6c12816 e-flex e-con-boxed e-con e-parent\" data-id=\"6c12816\" data-element_type=\"container\">\n\t\t\t\t\t<div class=\"e-con-inner\">\n\t\t\t\t<div class=\"elementor-element elementor-element-18af566 elementor-widget elementor-widget-text-editor\" data-id=\"18af566\" data-element_type=\"widget\" data-widget_type=\"text-editor.default\">\n\t\t\t\t<div class=\"elementor-widget-container\">\n\t\t\t\t\t\t\t\t\t<p>Explorez des itin\u00e9raires soigneusement \u00e9labor\u00e9s qui mettent en valeur les plus belles r\u00e9gions de Gr\u00e8ce <br \/>Chaque itin\u00e9raire est con\u00e7u pour vous permettre de voyager confortablement, de d\u00e9couvrir des lieux cach\u00e9s et de profiter de la libert\u00e9 de la route.<\/p>\t\t\t\t\t\t\t\t<\/div>\n\t\t\t\t<\/div>\n\t\t\t\t\t<\/div>\n\t\t\t\t<\/div>\n\t\t<div class=\"elementor-element elementor-element-482d642 e-flex e-con-boxed e-con e-parent\" data-id=\"482d642\" data-element_type=\"container\">\n\t\t\t\t\t<div class=\"e-con-inner\">\n\t\t\t\t<div class=\"elementor-element elementor-element-0e99079 elementor-grid-3 elementor-grid-tablet-2 elementor-grid-mobile-1 elementor-widget elementor-widget-loop-grid\" data-id=\"0e99079\" data-element_type=\"widget\" data-settings=\"{&quot;template_id&quot;:&quot;1903&quot;,&quot;columns&quot;:3,&quot;pagination_type&quot;:&quot;load_more_infinite_scroll&quot;,&quot;load_more_spinner&quot;:{&quot;value&quot;:&quot;fas fa-sync&quot;,&quot;library&quot;:&quot;fa-solid&quot;},&quot;_skin&quot;:&quot;post&quot;,&quot;columns_tablet&quot;:&quot;2&quot;,&quot;columns_mobile&quot;:&quot;1&quot;,&quot;edit_handle_selector&quot;:&quot;[data-elementor-type=\\&quot;loop-item\\&quot;]&quot;,&quot;row_gap&quot;:{&quot;unit&quot;:&quot;px&quot;,&quot;size&quot;:&quot;&quot;,&quot;sizes&quot;:[]},&quot;row_gap_tablet&quot;:{&quot;unit&quot;:&quot;px&quot;,&quot;size&quot;:&quot;&quot;,&quot;sizes&quot;:[]},&quot;row_gap_mobile&quot;:{&quot;unit&quot;:&quot;px&quot;,&quot;size&quot;:&quot;&quot;,&quot;sizes&quot;:[]}}\" data-widget_type=\"loop-grid.post\">\n\t\t\t\t<div class=\"elementor-widget-container\">\n\t\t\t\t\t\t\t<div class=\"elementor-loop-container elementor-grid\">\n\t\t<style id=\"loop-1903\">.elementor-1903 .elementor-element.elementor-element-bc6e42c{--display:flex;--gap:0px 20px;--row-gap:0px;--column-gap:20px;--margin-top:0px;--margin-bottom:0px;--margin-left:0px;--margin-right:0px;--padding-top:0px;--padding-bottom:0px;--padding-left:0px;--padding-right:0px;}.elementor-1903 .elementor-element.elementor-element-2f922f8{--display:flex;--gap:0px 0px;--row-gap:0px;--column-gap:0px;--margin-top:0px;--margin-bottom:10px;--margin-left:0px;--margin-right:0px;--padding-top:10px;--padding-bottom:10px;--padding-left:10px;--padding-right:10px;}.elementor-1903 .elementor-element.elementor-element-af70d27 > .elementor-widget-container:hover{--e-transform-rotateZ:3deg;}.elementor-1903 .elementor-element.elementor-element-af70d27{--e-transform-transition-duration:700ms;}.elementor-1903 .elementor-element.elementor-element-af70d27 > .elementor-widget-container{transition:background 0.4s;}.elementor-1903 .elementor-element.elementor-element-af70d27:hover img, .elementor-1903 .elementor-element.elementor-element-af70d27:hover svg{opacity:0.89;}.elementor-1903 .elementor-element.elementor-element-af70d27 img, .elementor-1903 .elementor-element.elementor-element-af70d27 svg{box-shadow:0px 0px 5px 0px rgba(0,0,0,0.5);}.elementor-1903 .elementor-element.elementor-element-d7bc74a > .elementor-widget-container{padding:12px 0px 8px 0px;}.elementor-1903 .elementor-element.elementor-element-d7bc74a .elementor-heading-title{font-size:25px;line-height:0.8em;}.elementor-1903 .elementor-element.elementor-element-a58f62c{--divider-border-style:solid;--divider-color:#CFCFCF;--divider-border-width:1px;}.elementor-1903 .elementor-element.elementor-element-a58f62c .elementor-divider-separator{width:100%;}.elementor-1903 .elementor-element.elementor-element-a58f62c .elementor-divider{padding-block-start:2px;padding-block-end:2px;}.elementor-1903 .elementor-element.elementor-element-0682f16{--display:flex;--flex-direction:row;--container-widget-width:initial;--container-widget-height:100%;--container-widget-flex-grow:1;--container-widget-align-self:stretch;--flex-wrap-mobile:wrap;--gap:0px 0px;--row-gap:0px;--column-gap:0px;border-style:none;--border-style:none;--margin-top:0px;--margin-bottom:0px;--margin-left:0px;--margin-right:0px;--padding-top:0px;--padding-bottom:0px;--padding-left:0px;--padding-right:0px;}.elementor-1903 .elementor-element.elementor-element-7fb069b > .elementor-widget-container{margin:0px 0px 0px 0px;padding:5px 0px 0px 0px;border-style:none;border-radius:0px 0px 0px 0px;}.elementor-1903 .elementor-element.elementor-element-7fb069b{columns:1;font-size:13px;line-height:19px;}@media(max-width:1024px){.elementor-1903 .elementor-element.elementor-element-bc6e42c{--justify-content:space-between;}.elementor-1903 .elementor-element.elementor-element-2f922f8{--justify-content:flex-start;--gap:2px 2px;--row-gap:2px;--column-gap:2px;--margin-top:0px;--margin-bottom:20px;--margin-left:0px;--margin-right:0px;}.elementor-1903 .elementor-element.elementor-element-d7bc74a{text-align:center;}.elementor-1903 .elementor-element.elementor-element-0682f16{--margin-top:0px;--margin-bottom:0px;--margin-left:0px;--margin-right:0px;}.elementor-1903 .elementor-element.elementor-element-7fb069b{width:var( --container-widget-width, 1000px );max-width:1000px;--container-widget-width:1000px;--container-widget-flex-grow:0;text-align:center;}.elementor-1903 .elementor-element.elementor-element-7fb069b > .elementor-widget-container{margin:0px 0px 0px 0px;padding:0px 0px 0px 0px;}}@media(min-width:768px){.elementor-1903 .elementor-element.elementor-element-bc6e42c{--content-width:424px;}}@media(max-width:1024px) and (min-width:768px){.elementor-1903 .elementor-element.elementor-element-bc6e42c{--content-width:400px;}}@media(max-width:767px){.elementor-1903 .elementor-element.elementor-element-bc6e42c{--content-width:500px;}.elementor-1903 .elementor-element.elementor-element-d7bc74a > .elementor-widget-container{padding:15px 0px 5px 0px;}.elementor-1903 .elementor-element.elementor-element-d7bc74a{text-align:center;}.elementor-1903 .elementor-element.elementor-element-d7bc74a .elementor-heading-title{font-size:24px;}.elementor-1903 .elementor-element.elementor-element-a58f62c .elementor-divider-separator{width:57%;margin:0 auto;margin-center:0;}.elementor-1903 .elementor-element.elementor-element-a58f62c .elementor-divider{text-align:center;}.elementor-1903 .elementor-element.elementor-element-0682f16{--width:100%;--justify-content:center;--align-items:center;--container-widget-width:calc( ( 1 - var( --container-widget-flex-grow ) ) * 100% );--margin-top:0px;--margin-bottom:0px;--margin-left:0px;--margin-right:0px;--padding-top:0px;--padding-bottom:0px;--padding-left:0px;--padding-right:0px;}.elementor-1903 .elementor-element.elementor-element-0682f16.e-con{--align-self:center;}.elementor-1903 .elementor-element.elementor-element-7fb069b{width:var( --container-widget-width, 100% );max-width:100%;--container-widget-width:100%;--container-widget-flex-grow:0;text-align:center;}.elementor-1903 .elementor-element.elementor-element-7fb069b > .elementor-widget-container{margin:0px 0px 0px 0px;padding:0px 0px 0px 0px;}}<\/style>\t\t<div data-elementor-type=\"loop-item\" data-elementor-id=\"1903\" class=\"elementor elementor-1903 e-loop-item e-loop-item-1951 post-1951 route type-route status-publish has-post-thumbnail hentry description-off\" data-elementor-post-type=\"elementor_library\" data-custom-edit-handle=\"1\">\n\t\t\t<div class=\"elementor-element elementor-element-bc6e42c e-flex e-con-boxed e-con e-parent\" data-id=\"bc6e42c\" data-element_type=\"container\">\n\t\t\t\t\t<div class=\"e-con-inner\">\n\t\t<div class=\"elementor-element elementor-element-2f922f8 e-flex e-con-boxed e-con e-child\" data-id=\"2f922f8\" data-element_type=\"container\">\n\t\t\t\t\t<div class=\"e-con-inner\">\n\t\t\t\t<div class=\"elementor-element elementor-element-af70d27 e-transform elementor-widget elementor-widget-image\" data-id=\"af70d27\" data-element_type=\"widget\" data-settings=\"{&quot;_transform_rotateZ_effect_hover&quot;:{&quot;unit&quot;:&quot;px&quot;,&quot;size&quot;:3,&quot;sizes&quot;:[]},&quot;_transform_rotateZ_effect_hover_tablet&quot;:{&quot;unit&quot;:&quot;deg&quot;,&quot;size&quot;:&quot;&quot;,&quot;sizes&quot;:[]},&quot;_transform_rotateZ_effect_hover_mobile&quot;:{&quot;unit&quot;:&quot;deg&quot;,&quot;size&quot;:&quot;&quot;,&quot;sizes&quot;:[]}}\" data-widget_type=\"image.default\">\n\t\t\t\t<div class=\"elementor-widget-container\">\n\t\t\t\t\t\t\t\t\t\t\t\t\t\t\t\t<a href=\"https:\/\/theroyalcamper.com\/fr\/route\/camper-van-road-trip-halkidiki\/\">\n\t\t\t\t\t\t\t<img decoding=\"async\" width=\"1800\" height=\"1125\" src=\"https:\/\/theroyalcamper.com\/wp-content\/uploads\/2025\/01\/maina.jpg\" class=\"attachment-full size-full wp-image-1966\" alt=\"\" srcset=\"https:\/\/theroyalcamper.com\/wp-content\/uploads\/2025\/01\/maina.jpg 1800w, https:\/\/theroyalcamper.com\/wp-content\/uploads\/2025\/01\/maina-300x188.jpg 300w, https:\/\/theroyalcamper.com\/wp-content\/uploads\/2025\/01\/maina-1024x640.jpg 1024w, https:\/\/theroyalcamper.com\/wp-content\/uploads\/2025\/01\/maina-768x480.jpg 768w, https:\/\/theroyalcamper.com\/wp-content\/uploads\/2025\/01\/maina-1536x960.jpg 1536w, https:\/\/theroyalcamper.com\/wp-content\/uploads\/2025\/01\/maina-18x12.jpg 18w, https:\/\/theroyalcamper.com\/wp-content\/uploads\/2025\/01\/maina-460x288.jpg 460w\" sizes=\"(max-width: 1800px) 100vw, 1800px\" \/>\t\t\t\t\t\t\t\t<\/a>\n\t\t\t\t\t\t\t\t\t\t\t\t\t\t\t<\/div>\n\t\t\t\t<\/div>\n\t\t\t\t<div class=\"elementor-element elementor-element-d7bc74a elementor-invisible elementor-widget elementor-widget-heading\" data-id=\"d7bc74a\" data-element_type=\"widget\" data-settings=\"{&quot;_animation&quot;:&quot;fadeInUp&quot;}\" data-widget_type=\"heading.default\">\n\t\t\t\t<div class=\"elementor-widget-container\">\n\t\t\t\t\t<h2 class=\"elementor-heading-title elementor-size-default\"><a href=\"https:\/\/theroyalcamper.com\/fr\/route\/camper-van-road-trip-halkidiki\/\">Road trip en van en Chalcidique<\/a><\/h2>\t\t\t\t<\/div>\n\t\t\t\t<\/div>\n\t\t\t\t<div class=\"elementor-element elementor-element-a58f62c animated-slow elementor-widget-divider--view-line elementor-invisible elementor-widget elementor-widget-divider\" data-id=\"a58f62c\" data-element_type=\"widget\" data-settings=\"{&quot;_animation&quot;:&quot;fadeIn&quot;}\" data-widget_type=\"divider.default\">\n\t\t\t\t<div class=\"elementor-widget-container\">\n\t\t\t\t\t\t\t<div class=\"elementor-divider\">\n\t\t\t<span class=\"elementor-divider-separator\">\n\t\t\t\t\t\t<\/span>\n\t\t<\/div>\n\t\t\t\t\t\t<\/div>\n\t\t\t\t<\/div>\n\t\t<div class=\"elementor-element elementor-element-0682f16 e-con-full e-flex e-con e-child\" data-id=\"0682f16\" data-element_type=\"container\">\n\t\t\t\t<div class=\"elementor-element elementor-element-7fb069b elementor-widget-mobile__width-initial elementor-widget-tablet__width-initial elementor-invisible elementor-widget elementor-widget-text-editor\" data-id=\"7fb069b\" data-element_type=\"widget\" data-settings=\"{&quot;_animation&quot;:&quot;fadeInDown&quot;}\" data-widget_type=\"text-editor.default\">\n\t\t\t\t<div class=\"elementor-widget-container\">\n\t\t\t\t\t\t\t\t\tL\u00e0 o\u00f9 le paradis vous attend\t\t\t\t\t\t\t\t<\/div>\n\t\t\t\t<\/div>\n\t\t\t\t<\/div>\n\t\t\t\t\t<\/div>\n\t\t\t\t<\/div>\n\t\t\t\t\t<\/div>\n\t\t\t\t<\/div>\n\t\t\t\t<\/div>\n\t\t\t\t<div data-elementor-type=\"loop-item\" data-elementor-id=\"1903\" class=\"elementor elementor-1903 e-loop-item e-loop-item-1864 post-1864 route type-route status-publish has-post-thumbnail hentry description-off\" data-elementor-post-type=\"elementor_library\" data-custom-edit-handle=\"1\">\n\t\t\t<div class=\"elementor-element elementor-element-bc6e42c e-flex e-con-boxed e-con e-parent\" data-id=\"bc6e42c\" data-element_type=\"container\">\n\t\t\t\t\t<div class=\"e-con-inner\">\n\t\t<div class=\"elementor-element elementor-element-2f922f8 e-flex e-con-boxed e-con e-child\" data-id=\"2f922f8\" data-element_type=\"container\">\n\t\t\t\t\t<div class=\"e-con-inner\">\n\t\t\t\t<div class=\"elementor-element elementor-element-af70d27 e-transform elementor-widget elementor-widget-image\" data-id=\"af70d27\" data-element_type=\"widget\" data-settings=\"{&quot;_transform_rotateZ_effect_hover&quot;:{&quot;unit&quot;:&quot;px&quot;,&quot;size&quot;:3,&quot;sizes&quot;:[]},&quot;_transform_rotateZ_effect_hover_tablet&quot;:{&quot;unit&quot;:&quot;deg&quot;,&quot;size&quot;:&quot;&quot;,&quot;sizes&quot;:[]},&quot;_transform_rotateZ_effect_hover_mobile&quot;:{&quot;unit&quot;:&quot;deg&quot;,&quot;size&quot;:&quot;&quot;,&quot;sizes&quot;:[]}}\" data-widget_type=\"image.default\">\n\t\t\t\t<div class=\"elementor-widget-container\">\n\t\t\t\t\t\t\t\t\t\t\t\t\t\t\t\t<a href=\"https:\/\/theroyalcamper.com\/fr\/route\/crete\/\">\n\t\t\t\t\t\t\t<img decoding=\"async\" width=\"1800\" height=\"1125\" src=\"https:\/\/theroyalcamper.com\/wp-content\/uploads\/2025\/01\/aas.jpg\" class=\"attachment-full size-full wp-image-1872\" alt=\"\" srcset=\"https:\/\/theroyalcamper.com\/wp-content\/uploads\/2025\/01\/aas.jpg 1800w, https:\/\/theroyalcamper.com\/wp-content\/uploads\/2025\/01\/aas-300x188.jpg 300w, https:\/\/theroyalcamper.com\/wp-content\/uploads\/2025\/01\/aas-1024x640.jpg 1024w, https:\/\/theroyalcamper.com\/wp-content\/uploads\/2025\/01\/aas-768x480.jpg 768w, https:\/\/theroyalcamper.com\/wp-content\/uploads\/2025\/01\/aas-1536x960.jpg 1536w, https:\/\/theroyalcamper.com\/wp-content\/uploads\/2025\/01\/aas-18x12.jpg 18w, https:\/\/theroyalcamper.com\/wp-content\/uploads\/2025\/01\/aas-460x288.jpg 460w\" sizes=\"(max-width: 1800px) 100vw, 1800px\" \/>\t\t\t\t\t\t\t\t<\/a>\n\t\t\t\t\t\t\t\t\t\t\t\t\t\t\t<\/div>\n\t\t\t\t<\/div>\n\t\t\t\t<div class=\"elementor-element elementor-element-d7bc74a elementor-invisible elementor-widget elementor-widget-heading\" data-id=\"d7bc74a\" data-element_type=\"widget\" data-settings=\"{&quot;_animation&quot;:&quot;fadeInUp&quot;}\" data-widget_type=\"heading.default\">\n\t\t\t\t<div class=\"elementor-widget-container\">\n\t\t\t\t\t<h2 class=\"elementor-heading-title elementor-size-default\"><a href=\"https:\/\/theroyalcamper.com\/fr\/route\/crete\/\">Road trip en van en Cr\u00e8te<\/a><\/h2>\t\t\t\t<\/div>\n\t\t\t\t<\/div>\n\t\t\t\t<div class=\"elementor-element elementor-element-a58f62c animated-slow elementor-widget-divider--view-line elementor-invisible elementor-widget elementor-widget-divider\" data-id=\"a58f62c\" data-element_type=\"widget\" data-settings=\"{&quot;_animation&quot;:&quot;fadeIn&quot;}\" data-widget_type=\"divider.default\">\n\t\t\t\t<div class=\"elementor-widget-container\">\n\t\t\t\t\t\t\t<div class=\"elementor-divider\">\n\t\t\t<span class=\"elementor-divider-separator\">\n\t\t\t\t\t\t<\/span>\n\t\t<\/div>\n\t\t\t\t\t\t<\/div>\n\t\t\t\t<\/div>\n\t\t<div class=\"elementor-element elementor-element-0682f16 e-con-full e-flex e-con e-child\" data-id=\"0682f16\" data-element_type=\"container\">\n\t\t\t\t<div class=\"elementor-element elementor-element-7fb069b elementor-widget-mobile__width-initial elementor-widget-tablet__width-initial elementor-invisible elementor-widget elementor-widget-text-editor\" data-id=\"7fb069b\" data-element_type=\"widget\" data-settings=\"{&quot;_animation&quot;:&quot;fadeInDown&quot;}\" data-widget_type=\"text-editor.default\">\n\t\t\t\t<div class=\"elementor-widget-container\">\n\t\t\t\t\t\t\t\t\tExplorez le C\u0153ur de la M\u00e9diterran\u00e9e\t\t\t\t\t\t\t\t<\/div>\n\t\t\t\t<\/div>\n\t\t\t\t<\/div>\n\t\t\t\t\t<\/div>\n\t\t\t\t<\/div>\n\t\t\t\t\t<\/div>\n\t\t\t\t<\/div>\n\t\t\t\t<\/div>\n\t\t\t\t<div data-elementor-type=\"loop-item\" data-elementor-id=\"1903\" class=\"elementor elementor-1903 e-loop-item e-loop-item-1934 post-1934 route type-route status-publish has-post-thumbnail hentry description-off\" data-elementor-post-type=\"elementor_library\" data-custom-edit-handle=\"1\">\n\t\t\t<div class=\"elementor-element elementor-element-bc6e42c e-flex e-con-boxed e-con e-parent\" data-id=\"bc6e42c\" data-element_type=\"container\">\n\t\t\t\t\t<div class=\"e-con-inner\">\n\t\t<div class=\"elementor-element elementor-element-2f922f8 e-flex e-con-boxed e-con e-child\" data-id=\"2f922f8\" data-element_type=\"container\">\n\t\t\t\t\t<div class=\"e-con-inner\">\n\t\t\t\t<div class=\"elementor-element elementor-element-af70d27 e-transform elementor-widget elementor-widget-image\" data-id=\"af70d27\" data-element_type=\"widget\" data-settings=\"{&quot;_transform_rotateZ_effect_hover&quot;:{&quot;unit&quot;:&quot;px&quot;,&quot;size&quot;:3,&quot;sizes&quot;:[]},&quot;_transform_rotateZ_effect_hover_tablet&quot;:{&quot;unit&quot;:&quot;deg&quot;,&quot;size&quot;:&quot;&quot;,&quot;sizes&quot;:[]},&quot;_transform_rotateZ_effect_hover_mobile&quot;:{&quot;unit&quot;:&quot;deg&quot;,&quot;size&quot;:&quot;&quot;,&quot;sizes&quot;:[]}}\" data-widget_type=\"image.default\">\n\t\t\t\t<div class=\"elementor-widget-container\">\n\t\t\t\t\t\t\t\t\t\t\t\t\t\t\t\t<a href=\"https:\/\/theroyalcamper.com\/fr\/route\/camper-van-road-trip-peloponnese\/\">\n\t\t\t\t\t\t\t<img decoding=\"async\" width=\"1800\" height=\"1125\" src=\"https:\/\/theroyalcamper.com\/wp-content\/uploads\/2025\/01\/aaaaas.jpg\" class=\"attachment-full size-full wp-image-1946\" alt=\"\" srcset=\"https:\/\/theroyalcamper.com\/wp-content\/uploads\/2025\/01\/aaaaas.jpg 1800w, https:\/\/theroyalcamper.com\/wp-content\/uploads\/2025\/01\/aaaaas-300x188.jpg 300w, https:\/\/theroyalcamper.com\/wp-content\/uploads\/2025\/01\/aaaaas-1024x640.jpg 1024w, https:\/\/theroyalcamper.com\/wp-content\/uploads\/2025\/01\/aaaaas-768x480.jpg 768w, https:\/\/theroyalcamper.com\/wp-content\/uploads\/2025\/01\/aaaaas-1536x960.jpg 1536w, https:\/\/theroyalcamper.com\/wp-content\/uploads\/2025\/01\/aaaaas-18x12.jpg 18w, https:\/\/theroyalcamper.com\/wp-content\/uploads\/2025\/01\/aaaaas-460x288.jpg 460w\" sizes=\"(max-width: 1800px) 100vw, 1800px\" \/>\t\t\t\t\t\t\t\t<\/a>\n\t\t\t\t\t\t\t\t\t\t\t\t\t\t\t<\/div>\n\t\t\t\t<\/div>\n\t\t\t\t<div class=\"elementor-element elementor-element-d7bc74a elementor-invisible elementor-widget elementor-widget-heading\" data-id=\"d7bc74a\" data-element_type=\"widget\" data-settings=\"{&quot;_animation&quot;:&quot;fadeInUp&quot;}\" data-widget_type=\"heading.default\">\n\t\t\t\t<div class=\"elementor-widget-container\">\n\t\t\t\t\t<h2 class=\"elementor-heading-title elementor-size-default\"><a href=\"https:\/\/theroyalcamper.com\/fr\/route\/camper-van-road-trip-peloponnese\/\">Road trip en van dans le P\u00e9loponn\u00e8se <\/a><\/h2>\t\t\t\t<\/div>\n\t\t\t\t<\/div>\n\t\t\t\t<div class=\"elementor-element elementor-element-a58f62c animated-slow elementor-widget-divider--view-line elementor-invisible elementor-widget elementor-widget-divider\" data-id=\"a58f62c\" data-element_type=\"widget\" data-settings=\"{&quot;_animation&quot;:&quot;fadeIn&quot;}\" data-widget_type=\"divider.default\">\n\t\t\t\t<div class=\"elementor-widget-container\">\n\t\t\t\t\t\t\t<div class=\"elementor-divider\">\n\t\t\t<span class=\"elementor-divider-separator\">\n\t\t\t\t\t\t<\/span>\n\t\t<\/div>\n\t\t\t\t\t\t<\/div>\n\t\t\t\t<\/div>\n\t\t<div class=\"elementor-element elementor-element-0682f16 e-con-full e-flex e-con e-child\" data-id=\"0682f16\" data-element_type=\"container\">\n\t\t\t\t<div class=\"elementor-element elementor-element-7fb069b elementor-widget-mobile__width-initial elementor-widget-tablet__width-initial elementor-invisible elementor-widget elementor-widget-text-editor\" data-id=\"7fb069b\" data-element_type=\"widget\" data-settings=\"{&quot;_animation&quot;:&quot;fadeInDown&quot;}\" data-widget_type=\"text-editor.default\">\n\t\t\t\t<div class=\"elementor-widget-container\">\n\t\t\t\t\t\t\t\t\tUn voyage \u00e0 travers mythes et nature\t\t\t\t\t\t\t\t<\/div>\n\t\t\t\t<\/div>\n\t\t\t\t<\/div>\n\t\t\t\t\t<\/div>\n\t\t\t\t<\/div>\n\t\t\t\t\t<\/div>\n\t\t\t\t<\/div>\n\t\t\t\t<\/div>\n\t\t\t\t<\/div>\n\t\t\t\t\t<span class=\"e-load-more-spinner\">\n\t\t\t\t<i aria-hidden=\"true\" class=\"fas fa-sync\"><\/i>\t\t\t<\/span>\n\t\t\n\t\t\t\t\t\t<\/div>\n\t\t\t\t<\/div>\n\t\t\t\t\t<\/div>\n\t\t\t\t<\/div>\n\t\t<div class=\"elementor-element elementor-element-4e5bebb e-flex e-con-boxed e-con e-parent\" data-id=\"4e5bebb\" data-element_type=\"container\">\n\t\t\t\t\t<div class=\"e-con-inner\">\n\t\t\t\t<div class=\"elementor-element elementor-element-22e85e6 elementor-widget elementor-widget-heading\" data-id=\"22e85e6\" data-element_type=\"widget\" data-widget_type=\"heading.default\">\n\t\t\t\t<div class=\"elementor-widget-container\">\n\t\t\t\t\t<h2 class=\"elementor-heading-title elementor-size-default\">Pr\u00eat pour l'aventure en van en Gr\u00e8ce ?<\/h2>\t\t\t\t<\/div>\n\t\t\t\t<\/div>\n\t\t\t\t\t<\/div>\n\t\t\t\t<\/div>\n\t\t<div class=\"elementor-element elementor-element-51ac163 e-flex e-con-boxed e-con e-parent\" data-id=\"51ac163\" data-element_type=\"container\">\n\t\t\t\t\t<div class=\"e-con-inner\">\n\t\t\t\t<div class=\"elementor-element elementor-element-5909570 elementor-widget elementor-widget-text-editor\" data-id=\"5909570\" data-element_type=\"widget\" data-widget_type=\"text-editor.default\">\n\t\t\t\t<div class=\"elementor-widget-container\">\n\t\t\t\t\t\t\t\t\t<p>Choisissez votre itin\u00e9raire, s\u00e9lectionnez votre van et d\u00e9couvrez la Gr\u00e8ce en toute libert\u00e9.<br \/>Notre \u00e9quipe est l\u00e0 pour vous aider \u00e0 organiser le road trip parfait.<\/p>\t\t\t\t\t\t\t\t<\/div>\n\t\t\t\t<\/div>\n\t\t\t\t\t<\/div>\n\t\t\t\t<\/div>\n\t\t<div class=\"elementor-element elementor-element-4838398 e-flex e-con-boxed e-con e-parent\" data-id=\"4838398\" data-element_type=\"container\">\n\t\t\t\t\t<div class=\"e-con-inner\">\n\t\t\t\t<div class=\"elementor-element elementor-element-37a8226 arrows-relative-to-box_area bullets-small-dot-stroke elementor-widget elementor-widget-the7_elements_carousel\" data-id=\"37a8226\" data-element_type=\"widget\" data-settings=\"{&quot;widget_columns&quot;:3,&quot;widget_columns_tablet&quot;:2,&quot;widget_columns_mobile&quot;:1,&quot;gap_between_posts&quot;:{&quot;unit&quot;:&quot;px&quot;,&quot;size&quot;:15,&quot;sizes&quot;:[]},&quot;gap_between_posts_tablet&quot;:{&quot;unit&quot;:&quot;px&quot;,&quot;size&quot;:&quot;&quot;,&quot;sizes&quot;:[]},&quot;gap_between_posts_mobile&quot;:{&quot;unit&quot;:&quot;px&quot;,&quot;size&quot;:&quot;&quot;,&quot;sizes&quot;:[]}}\" data-widget_type=\"the7_elements_carousel.default\">\n\t\t\t\t<div class=\"elementor-widget-container\">\n\t\t\t\t\t<div class=\"disable-arrows-hover-bg the7_elements_carousel-37a8226 owl-carousel portfolio-carousel-shortcode elementor-owl-carousel-call portfolio-shortcode the7-elementor-widget content-bg-on classic-layout-list description-under-image quick-scale-img enable-bg-rollover\" data-scroll-mode=\"1\" data-auto-height=\"false\" data-speed=\"600\" data-autoplay=\"false\" data-autoplay_speed=\"\"><article class=\"post visible post-1536 camper type-camper status-publish has-post-thumbnail hentry description-off\">\n\n\t<div class=\"post-thumbnail-wrap\">\n\t\t<div class=\"post-thumbnail\">\n\n\t\t\t<a class=\"post-thumbnail-rollover layzr-bg img-css-resize-wrapper\" aria-label=\"Image article\" href=\"https:\/\/theroyalcamper.com\/fr\/camper\/volkswagen-t6\/\"><img decoding=\"async\" width=\"743\" height=\"549\" src=\"data:image\/svg+xml,%3Csvg%20xmlns%3D&#039;http%3A%2F%2Fwww.w3.org%2F2000%2Fsvg&#039;%20viewBox%3D&#039;0%200%20743%20549&#039;%2F%3E\" class=\"attachment-full size-full preload-me aspect lazy lazy-load\" alt=\"\" sizes=\"(max-width: 743px) 100vw, 743px\" style=\"--ratio: 743 \/ 549;\" data-src=\"https:\/\/theroyalcamper.com\/wp-content\/uploads\/2025\/01\/california_white.png\" loading=\"eager\" data-srcset=\"https:\/\/theroyalcamper.com\/wp-content\/uploads\/2025\/01\/california_white.png 743w, https:\/\/theroyalcamper.com\/wp-content\/uploads\/2025\/01\/california_white-300x222.png 300w, https:\/\/theroyalcamper.com\/wp-content\/uploads\/2025\/01\/california_white-16x12.png 16w, https:\/\/theroyalcamper.com\/wp-content\/uploads\/2025\/01\/california_white-414x306.png 414w\" \/><span class=\"the7-hover-icon\"><i aria-hidden=\"true\" class=\"fas fa-plus\"><\/i><\/span><\/a>\n\t\t<\/div>\n\t<\/div>\n\n\n<div class=\"post-entry-content\">\n\n\t<h3 class=\"ele-entry-title\"><a href=\"https:\/\/theroyalcamper.com\/fr\/camper\/volkswagen-t6\/\" rel=\"bookmark\" title=\"Volkswagen T6\">Volkswagen T6<\/a><\/h3><div class=\"entry-meta\"><a class=\"meta-item author vcard\" href=\"https:\/\/theroyalcamper.com\/fr\/author\/admin\/\" title=\"Voir tous les articles par admin\" rel=\"author external\">Par <span class=\"fn\">admin<\/span><\/a><span class=\"meta-item data-link\"><time class=\"entry-date updated\" datetime=\"2025-01-19T14:01:08+00:00\">19-01-2025<\/time><\/span><\/div><a href=\"https:\/\/theroyalcamper.com\/fr\/camper\/volkswagen-t6\/\" target=\"\" aria-label=\"En savoir plus sur Volkswagen T6\" class=\"box-button elementor-button elementor-size-xs\">Lire la suite<\/a>\n<\/div><\/article><article class=\"post visible post-1600 camper type-camper status-publish has-post-thumbnail hentry description-off\">\n\n\t<div class=\"post-thumbnail-wrap\">\n\t\t<div class=\"post-thumbnail\">\n\n\t\t\t<a class=\"post-thumbnail-rollover layzr-bg img-css-resize-wrapper\" aria-label=\"Image article\" href=\"https:\/\/theroyalcamper.com\/fr\/camper\/burstner-campeo-c-600\/\"><img decoding=\"async\" width=\"743\" height=\"549\" src=\"data:image\/svg+xml,%3Csvg%20xmlns%3D&#039;http%3A%2F%2Fwww.w3.org%2F2000%2Fsvg&#039;%20viewBox%3D&#039;0%200%20743%20549&#039;%2F%3E\" class=\"attachment-full size-full preload-me aspect lazy lazy-load\" alt=\"\" sizes=\"(max-width: 743px) 100vw, 743px\" style=\"--ratio: 743 \/ 549;\" data-src=\"https:\/\/theroyalcamper.com\/wp-content\/uploads\/2025\/01\/c600.jpg\" loading=\"eager\" data-srcset=\"https:\/\/theroyalcamper.com\/wp-content\/uploads\/2025\/01\/c600.jpg 743w, https:\/\/theroyalcamper.com\/wp-content\/uploads\/2025\/01\/c600-300x222.jpg 300w, https:\/\/theroyalcamper.com\/wp-content\/uploads\/2025\/01\/c600-16x12.jpg 16w, https:\/\/theroyalcamper.com\/wp-content\/uploads\/2025\/01\/c600-414x306.jpg 414w\" \/><span class=\"the7-hover-icon\"><i aria-hidden=\"true\" class=\"fas fa-plus\"><\/i><\/span><\/a>\n\t\t<\/div>\n\t<\/div>\n\n\n<div class=\"post-entry-content\">\n\n\t<h3 class=\"ele-entry-title\"><a href=\"https:\/\/theroyalcamper.com\/fr\/camper\/burstner-campeo-c-600\/\" rel=\"bookmark\" title=\"B\u00fcrstner Campeo C 600\">B\u00fcrstner Campeo C 600<\/a><\/h3><div class=\"entry-meta\"><a class=\"meta-item author vcard\" href=\"https:\/\/theroyalcamper.com\/fr\/author\/admin\/\" title=\"Voir tous les articles par admin\" rel=\"author external\">Par <span class=\"fn\">admin<\/span><\/a><span class=\"meta-item data-link\"><time class=\"entry-date updated\" datetime=\"2025-01-19T15:41:03+00:00\">19-01-2025<\/time><\/span><\/div><a href=\"https:\/\/theroyalcamper.com\/fr\/camper\/burstner-campeo-c-600\/\" target=\"\" aria-label=\"En savoir plus sur B\u00fcrstner Campeo C 600\" class=\"box-button elementor-button elementor-size-xs\">Lire la suite<\/a>\n<\/div><\/article><article class=\"post visible post-2871 camper type-camper status-publish has-post-thumbnail hentry description-off\">\n\n\t<div class=\"post-thumbnail-wrap\">\n\t\t<div class=\"post-thumbnail\">\n\n\t\t\t<a class=\"post-thumbnail-rollover layzr-bg img-css-resize-wrapper\" aria-label=\"Image article\" href=\"https:\/\/theroyalcamper.com\/fr\/camper\/mobilvetta-admiral-k-6-5\/\"><img decoding=\"async\" width=\"743\" height=\"549\" src=\"data:image\/svg+xml,%3Csvg%20xmlns%3D&#039;http%3A%2F%2Fwww.w3.org%2F2000%2Fsvg&#039;%20viewBox%3D&#039;0%200%20743%20549&#039;%2F%3E\" class=\"attachment-full size-full preload-me aspect lazy lazy-load\" alt=\"\" sizes=\"(max-width: 743px) 100vw, 743px\" style=\"--ratio: 743 \/ 549;\" data-src=\"https:\/\/theroyalcamper.com\/wp-content\/uploads\/2025\/05\/Mobilvetta-Admiral-K-feauture_img.jpg\" loading=\"eager\" data-srcset=\"https:\/\/theroyalcamper.com\/wp-content\/uploads\/2025\/05\/Mobilvetta-Admiral-K-feauture_img.jpg 743w, https:\/\/theroyalcamper.com\/wp-content\/uploads\/2025\/05\/Mobilvetta-Admiral-K-feauture_img-300x222.jpg 300w, https:\/\/theroyalcamper.com\/wp-content\/uploads\/2025\/05\/Mobilvetta-Admiral-K-feauture_img-16x12.jpg 16w, https:\/\/theroyalcamper.com\/wp-content\/uploads\/2025\/05\/Mobilvetta-Admiral-K-feauture_img-414x306.jpg 414w\" \/><span class=\"the7-hover-icon\"><i aria-hidden=\"true\" class=\"fas fa-plus\"><\/i><\/span><\/a>\n\t\t<\/div>\n\t<\/div>\n\n\n<div class=\"post-entry-content\">\n\n\t<h3 class=\"ele-entry-title\"><a href=\"https:\/\/theroyalcamper.com\/fr\/camper\/mobilvetta-admiral-k-6-5\/\" rel=\"bookmark\" title=\"Mobilvetta Admiral K 6.5\">Mobilvetta Admiral K 6.5<\/a><\/h3><div class=\"entry-meta\"><a class=\"meta-item author vcard\" href=\"https:\/\/theroyalcamper.com\/fr\/author\/ncpncpmediagmail-com\/\" title=\"Voir tous les articles par ncpncpmedia@gmail.com\" rel=\"author external\">Par <span class=\"fn\">ncpncpmedia@gmail.com<\/span><\/a><span class=\"meta-item data-link\"><time class=\"entry-date updated\" datetime=\"2025-05-07T13:51:34+00:00\">07-05-2025<\/time><\/span><\/div><a href=\"https:\/\/theroyalcamper.com\/fr\/camper\/mobilvetta-admiral-k-6-5\/\" target=\"\" aria-label=\"En savoir plus sur Mobilvetta Admiral K 6.5\" class=\"box-button elementor-button elementor-size-xs\">Lire la suite<\/a>\n<\/div><\/article><article class=\"post visible post-2887 camper type-camper status-publish has-post-thumbnail hentry description-off\">\n\n\t<div class=\"post-thumbnail-wrap\">\n\t\t<div class=\"post-thumbnail\">\n\n\t\t\t<a class=\"post-thumbnail-rollover layzr-bg img-css-resize-wrapper\" aria-label=\"Image article\" href=\"https:\/\/theroyalcamper.com\/fr\/camper\/rimor-seal-67-plus\/\"><img decoding=\"async\" width=\"743\" height=\"549\" src=\"data:image\/svg+xml,%3Csvg%20xmlns%3D&#039;http%3A%2F%2Fwww.w3.org%2F2000%2Fsvg&#039;%20viewBox%3D&#039;0%200%20743%20549&#039;%2F%3E\" class=\"attachment-full size-full preload-me aspect lazy lazy-load\" alt=\"\" sizes=\"(max-width: 743px) 100vw, 743px\" style=\"--ratio: 743 \/ 549;\" data-src=\"https:\/\/theroyalcamper.com\/wp-content\/uploads\/2025\/05\/Rimor-seal-67-plus-resized.jpg\" loading=\"eager\" data-srcset=\"https:\/\/theroyalcamper.com\/wp-content\/uploads\/2025\/05\/Rimor-seal-67-plus-resized.jpg 743w, https:\/\/theroyalcamper.com\/wp-content\/uploads\/2025\/05\/Rimor-seal-67-plus-resized-300x222.jpg 300w, https:\/\/theroyalcamper.com\/wp-content\/uploads\/2025\/05\/Rimor-seal-67-plus-resized-16x12.jpg 16w, https:\/\/theroyalcamper.com\/wp-content\/uploads\/2025\/05\/Rimor-seal-67-plus-resized-414x306.jpg 414w\" \/><span class=\"the7-hover-icon\"><i aria-hidden=\"true\" class=\"fas fa-plus\"><\/i><\/span><\/a>\n\t\t<\/div>\n\t<\/div>\n\n\n<div class=\"post-entry-content\">\n\n\t<h3 class=\"ele-entry-title\"><a href=\"https:\/\/theroyalcamper.com\/fr\/camper\/rimor-seal-67-plus\/\" rel=\"bookmark\" title=\"Rimor Seal 67 Plus\">Rimor Seal 67 Plus<\/a><\/h3><div class=\"entry-meta\"><a class=\"meta-item author vcard\" href=\"https:\/\/theroyalcamper.com\/fr\/author\/ncpncpmediagmail-com\/\" title=\"Voir tous les articles par ncpncpmedia@gmail.com\" rel=\"author external\">Par <span class=\"fn\">ncpncpmedia@gmail.com<\/span><\/a><span class=\"meta-item data-link\"><time class=\"entry-date updated\" datetime=\"2025-05-08T11:45:40+00:00\">08-05-2025<\/time><\/span><\/div><a href=\"https:\/\/theroyalcamper.com\/fr\/camper\/rimor-seal-67-plus\/\" target=\"\" aria-label=\"En savoir plus sur Rimor Seal 67 Plus\" class=\"box-button elementor-button elementor-size-xs\">Lire la suite<\/a>\n<\/div><\/article><article class=\"post visible post-1706 camper type-camper status-publish has-post-thumbnail hentry description-off\">\n\n\t<div class=\"post-thumbnail-wrap\">\n\t\t<div class=\"post-thumbnail\">\n\n\t\t\t<a class=\"post-thumbnail-rollover layzr-bg img-css-resize-wrapper\" aria-label=\"Image article\" href=\"https:\/\/theroyalcamper.com\/fr\/camper\/mercedes-hymer-ml-560\/\"><img decoding=\"async\" width=\"743\" height=\"549\" src=\"data:image\/svg+xml,%3Csvg%20xmlns%3D&#039;http%3A%2F%2Fwww.w3.org%2F2000%2Fsvg&#039;%20viewBox%3D&#039;0%200%20743%20549&#039;%2F%3E\" class=\"attachment-full size-full preload-me aspect lazy lazy-load\" alt=\"\" sizes=\"(max-width: 743px) 100vw, 743px\" style=\"--ratio: 743 \/ 549;\" data-src=\"https:\/\/theroyalcamper.com\/wp-content\/uploads\/2025\/01\/featured.png\" loading=\"eager\" data-srcset=\"https:\/\/theroyalcamper.com\/wp-content\/uploads\/2025\/01\/featured.png 743w, https:\/\/theroyalcamper.com\/wp-content\/uploads\/2025\/01\/featured-300x222.png 300w, https:\/\/theroyalcamper.com\/wp-content\/uploads\/2025\/01\/featured-16x12.png 16w, https:\/\/theroyalcamper.com\/wp-content\/uploads\/2025\/01\/featured-414x306.png 414w\" \/><span class=\"the7-hover-icon\"><i aria-hidden=\"true\" class=\"fas fa-plus\"><\/i><\/span><\/a>\n\t\t<\/div>\n\t<\/div>\n\n\n<div class=\"post-entry-content\">\n\n\t<h3 class=\"ele-entry-title\"><a href=\"https:\/\/theroyalcamper.com\/fr\/camper\/mercedes-hymer-ml-560\/\" rel=\"bookmark\" title=\"Mercedes Hymer ML 560\">Mercedes Hymer ML 560<\/a><\/h3><div class=\"entry-meta\"><a class=\"meta-item author vcard\" href=\"https:\/\/theroyalcamper.com\/fr\/author\/admin\/\" title=\"Voir tous les articles par admin\" rel=\"author external\">Par <span class=\"fn\">admin<\/span><\/a><span class=\"meta-item data-link\"><time class=\"entry-date updated\" datetime=\"2025-01-19T18:16:52+00:00\">19-01-2025<\/time><\/span><\/div><a href=\"https:\/\/theroyalcamper.com\/fr\/camper\/mercedes-hymer-ml-560\/\" target=\"\" aria-label=\"En savoir plus sur Mercedes Hymer ML 560\" class=\"box-button elementor-button elementor-size-xs\">Lire la suite<\/a>\n<\/div><\/article><article class=\"post visible post-1619 camper type-camper status-publish has-post-thumbnail hentry description-off\">\n\n\t<div class=\"post-thumbnail-wrap\">\n\t\t<div class=\"post-thumbnail\">\n\n\t\t\t<a class=\"post-thumbnail-rollover layzr-bg img-css-resize-wrapper\" aria-label=\"Image article\" href=\"https:\/\/theroyalcamper.com\/fr\/camper\/burstner-limited-t\/\"><img decoding=\"async\" width=\"743\" height=\"549\" src=\"data:image\/svg+xml,%3Csvg%20xmlns%3D&#039;http%3A%2F%2Fwww.w3.org%2F2000%2Fsvg&#039;%20viewBox%3D&#039;0%200%20743%20549&#039;%2F%3E\" class=\"attachment-full size-full preload-me aspect lazy lazy-load\" alt=\"\" sizes=\"(max-width: 743px) 100vw, 743px\" style=\"--ratio: 743 \/ 549;\" data-src=\"https:\/\/theroyalcamper.com\/wp-content\/uploads\/2025\/01\/limitedy.png\" loading=\"eager\" data-srcset=\"https:\/\/theroyalcamper.com\/wp-content\/uploads\/2025\/01\/limitedy.png 743w, https:\/\/theroyalcamper.com\/wp-content\/uploads\/2025\/01\/limitedy-300x222.png 300w, https:\/\/theroyalcamper.com\/wp-content\/uploads\/2025\/01\/limitedy-16x12.png 16w\" \/><span class=\"the7-hover-icon\"><i aria-hidden=\"true\" class=\"fas fa-plus\"><\/i><\/span><\/a>\n\t\t<\/div>\n\t<\/div>\n\n\n<div class=\"post-entry-content\">\n\n\t<h3 class=\"ele-entry-title\"><a href=\"https:\/\/theroyalcamper.com\/fr\/camper\/burstner-limited-t\/\" rel=\"bookmark\" title=\"B\u00fcrstner Limited T 690 G\">B\u00fcrstner Limited T 690 G<\/a><\/h3><div class=\"entry-meta\"><a class=\"meta-item author vcard\" href=\"https:\/\/theroyalcamper.com\/fr\/author\/admin\/\" title=\"Voir tous les articles par admin\" rel=\"author external\">Par <span class=\"fn\">admin<\/span><\/a><span class=\"meta-item data-link\"><time class=\"entry-date updated\" datetime=\"2025-01-19T16:07:05+00:00\">19-01-2025<\/time><\/span><\/div><a href=\"https:\/\/theroyalcamper.com\/fr\/camper\/burstner-limited-t\/\" target=\"\" aria-label=\"En savoir plus sur B\u00fcrstner Limited T 690 G\" class=\"box-button elementor-button elementor-size-xs\">Lire la suite<\/a>\n<\/div><\/article><article class=\"post visible post-1624 camper type-camper status-publish has-post-thumbnail hentry description-off\">\n\n\t<div class=\"post-thumbnail-wrap\">\n\t\t<div class=\"post-thumbnail\">\n\n\t\t\t<a class=\"post-thumbnail-rollover layzr-bg img-css-resize-wrapper\" aria-label=\"Image article\" href=\"https:\/\/theroyalcamper.com\/fr\/camper\/mobilvetta-k-yacht-tekno-line-90b\/\"><img decoding=\"async\" width=\"743\" height=\"549\" src=\"data:image\/svg+xml,%3Csvg%20xmlns%3D&#039;http%3A%2F%2Fwww.w3.org%2F2000%2Fsvg&#039;%20viewBox%3D&#039;0%200%20743%20549&#039;%2F%3E\" class=\"attachment-full size-full preload-me aspect lazy lazy-load\" alt=\"\" sizes=\"(max-width: 743px) 100vw, 743px\" style=\"--ratio: 743 \/ 549;\" data-src=\"https:\/\/theroyalcamper.com\/wp-content\/uploads\/2025\/01\/mobilvetta.png\" loading=\"eager\" data-srcset=\"https:\/\/theroyalcamper.com\/wp-content\/uploads\/2025\/01\/mobilvetta.png 743w, https:\/\/theroyalcamper.com\/wp-content\/uploads\/2025\/01\/mobilvetta-300x222.png 300w, https:\/\/theroyalcamper.com\/wp-content\/uploads\/2025\/01\/mobilvetta-16x12.png 16w\" \/><span class=\"the7-hover-icon\"><i aria-hidden=\"true\" class=\"fas fa-plus\"><\/i><\/span><\/a>\n\t\t<\/div>\n\t<\/div>\n\n\n<div class=\"post-entry-content\">\n\n\t<h3 class=\"ele-entry-title\"><a href=\"https:\/\/theroyalcamper.com\/fr\/camper\/mobilvetta-k-yacht-tekno-line-90b\/\" rel=\"bookmark\" title=\"Mobilvetta K-Yacht Tekno Line 90 &#8211; new model\">Mobilvetta K-Yacht Tekno Line 90 &#8211; new model<\/a><\/h3><div class=\"entry-meta\"><a class=\"meta-item author vcard\" href=\"https:\/\/theroyalcamper.com\/fr\/author\/admin\/\" title=\"Voir tous les articles par admin\" rel=\"author external\">Par <span class=\"fn\">admin<\/span><\/a><span class=\"meta-item data-link\"><time class=\"entry-date updated\" datetime=\"2025-01-19T16:13:27+00:00\">19-01-2025<\/time><\/span><\/div><a href=\"https:\/\/theroyalcamper.com\/fr\/camper\/mobilvetta-k-yacht-tekno-line-90b\/\" target=\"\" aria-label=\"En savoir plus sur Mobilvetta K-Yacht Tekno Line 90 &#8211; new model\" class=\"box-button elementor-button elementor-size-xs\">Lire la suite<\/a>\n<\/div><\/article><article class=\"post visible post-1534 camper type-camper status-publish has-post-thumbnail hentry description-off\">\n\n\t<div class=\"post-thumbnail-wrap\">\n\t\t<div class=\"post-thumbnail\">\n\n\t\t\t<a class=\"post-thumbnail-rollover layzr-bg img-css-resize-wrapper\" aria-label=\"Image article\" href=\"https:\/\/theroyalcamper.com\/fr\/camper\/mobilvetta-k-yacht-tekno-line-90\/\"><img decoding=\"async\" width=\"743\" height=\"549\" src=\"data:image\/svg+xml,%3Csvg%20xmlns%3D&#039;http%3A%2F%2Fwww.w3.org%2F2000%2Fsvg&#039;%20viewBox%3D&#039;0%200%20743%20549&#039;%2F%3E\" class=\"attachment-full size-full preload-me aspect lazy lazy-load\" alt=\"\" sizes=\"(max-width: 743px) 100vw, 743px\" style=\"--ratio: 743 \/ 549;\" data-src=\"https:\/\/theroyalcamper.com\/wp-content\/uploads\/2025\/01\/2024_mobilvetta-2.png\" loading=\"eager\" data-srcset=\"https:\/\/theroyalcamper.com\/wp-content\/uploads\/2025\/01\/2024_mobilvetta-2.png 743w, https:\/\/theroyalcamper.com\/wp-content\/uploads\/2025\/01\/2024_mobilvetta-2-300x222.png 300w, https:\/\/theroyalcamper.com\/wp-content\/uploads\/2025\/01\/2024_mobilvetta-2-16x12.png 16w, https:\/\/theroyalcamper.com\/wp-content\/uploads\/2025\/01\/2024_mobilvetta-2-414x306.png 414w\" \/><span class=\"the7-hover-icon\"><i aria-hidden=\"true\" class=\"fas fa-plus\"><\/i><\/span><\/a>\n\t\t<\/div>\n\t<\/div>\n\n\n<div class=\"post-entry-content\">\n\n\t<h3 class=\"ele-entry-title\"><a href=\"https:\/\/theroyalcamper.com\/fr\/camper\/mobilvetta-k-yacht-tekno-line-90\/\" rel=\"bookmark\" title=\"Mobilvetta K-Yacht Tekno Line 90\">Mobilvetta K-Yacht Tekno Line 90<\/a><\/h3><div class=\"entry-meta\"><a class=\"meta-item author vcard\" href=\"https:\/\/theroyalcamper.com\/fr\/author\/admin\/\" title=\"Voir tous les articles par admin\" rel=\"author external\">Par <span class=\"fn\">admin<\/span><\/a><span class=\"meta-item data-link\"><time class=\"entry-date updated\" datetime=\"2025-01-19T13:51:46+00:00\">19-01-2025<\/time><\/span><\/div><a href=\"https:\/\/theroyalcamper.com\/fr\/camper\/mobilvetta-k-yacht-tekno-line-90\/\" target=\"\" aria-label=\"En savoir plus sur Mobilvetta K-Yacht Tekno Line 90\" class=\"box-button elementor-button elementor-size-xs\">Lire la suite<\/a>\n<\/div><\/article><\/div><div class=\"owl-nav disabled\"><div class=\"owl-prev\" role=\"button\"><i class=\"fas fa-chevron-left\"><\/i><\/div><div class=\"owl-next\" role=\"button\"><i class=\"fas fa-chevron-right\"><\/i><\/div><\/div>\t\t\t\t<\/div>\n\t\t\t\t<\/div>\n\t\t\t\t<div class=\"elementor-element elementor-element-f7d6169 elementor-widget elementor-widget-spacer\" data-id=\"f7d6169\" data-element_type=\"widget\" data-widget_type=\"spacer.default\">\n\t\t\t\t<div class=\"elementor-widget-container\">\n\t\t\t\t\t\t\t<div class=\"elementor-spacer\">\n\t\t\t<div class=\"elementor-spacer-inner\"><\/div>\n\t\t<\/div>\n\t\t\t\t\t\t<\/div>\n\t\t\t\t<\/div>\n\t\t\t\t\t<\/div>\n\t\t\t\t<\/div>\n\t\t<div class=\"elementor-element elementor-element-4d57a52 e-flex e-con-boxed e-con e-parent\" data-id=\"4d57a52\" data-element_type=\"container\">\n\t\t\t\t\t<div class=\"e-con-inner\">\n\t\t\t\t<div class=\"elementor-element elementor-element-b7424dd elementor-widget elementor-widget-heading\" data-id=\"b7424dd\" data-element_type=\"widget\" data-widget_type=\"heading.default\">\n\t\t\t\t<div class=\"elementor-widget-container\">\n\t\t\t\t\t<h2 class=\"elementor-heading-title elementor-size-default\">Foire aux questions<\/h2>\t\t\t\t<\/div>\n\t\t\t\t<\/div>\n\t\t\t\t\t<\/div>\n\t\t\t\t<\/div>\n\t\t<div class=\"elementor-element elementor-element-ed05d1b e-flex e-con-boxed e-con e-parent\" data-id=\"ed05d1b\" data-element_type=\"container\">\n\t\t\t\t\t<div class=\"e-con-inner\">\n\t\t\t\t<div class=\"elementor-element elementor-element-15cae61 elementor-widget elementor-widget-spacer\" data-id=\"15cae61\" data-element_type=\"widget\" data-widget_type=\"spacer.default\">\n\t\t\t\t<div class=\"elementor-widget-container\">\n\t\t\t\t\t\t\t<div class=\"elementor-spacer\">\n\t\t\t<div class=\"elementor-spacer-inner\"><\/div>\n\t\t<\/div>\n\t\t\t\t\t\t<\/div>\n\t\t\t\t<\/div>\n\t\t\t\t\t<\/div>\n\t\t\t\t<\/div>\n\t\t<div class=\"elementor-element elementor-element-560febf e-flex e-con-boxed e-con e-parent\" data-id=\"560febf\" data-element_type=\"container\">\n\t\t\t\t\t<div class=\"e-con-inner\">\n\t\t\t\t<div class=\"elementor-element elementor-element-6d551d8 elementor-widget elementor-widget-text-editor\" data-id=\"6d551d8\" data-element_type=\"widget\" data-widget_type=\"text-editor.default\">\n\t\t\t\t<div class=\"elementor-widget-container\">\n\t\t\t\t\t\t\t\t\t<p><strong data-start=\"36\" data-end=\"61\" style=\"background-color: rgba(255, 255, 255, 0); word-spacing: normal;\">Vous avez encore des questions ?<\/strong>&nbsp;<\/p><p><span style=\"background-color: rgba(255, 255, 255, 0); word-spacing: normal;\">Notre \u00e9quipe est l\u00e0 pour vous aider \u00e0 choisir le van id\u00e9al, \u00e0 planifier votre itin\u00e9raire et \u00e0 d\u00e9marrer votre aventure en Gr\u00e8ce en toute s\u00e9r\u00e9nit\u00e9. Contactez-nous \u00e0 tout moment, nous serons ravis de vous aider.<\/span><\/p>\t\t\t\t\t\t\t\t<\/div>\n\t\t\t\t<\/div>\n\t\t\t\t\t<\/div>\n\t\t\t\t<\/div>\n\t\t<div class=\"elementor-element elementor-element-a77bfc2 e-flex e-con-boxed e-con e-parent\" data-id=\"a77bfc2\" data-element_type=\"container\">\n\t\t\t\t\t<div class=\"e-con-inner\">\n\t\t\t\t<div class=\"elementor-element elementor-element-8cafada elementor-widget elementor-widget-spacer\" data-id=\"8cafada\" data-element_type=\"widget\" data-widget_type=\"spacer.default\">\n\t\t\t\t<div class=\"elementor-widget-container\">\n\t\t\t\t\t\t\t<div class=\"elementor-spacer\">\n\t\t\t<div class=\"elementor-spacer-inner\"><\/div>\n\t\t<\/div>\n\t\t\t\t\t\t<\/div>\n\t\t\t\t<\/div>\n\t\t\t\t\t<\/div>\n\t\t\t\t<\/div>\n\t\t<div class=\"elementor-element elementor-element-a0146f6 e-flex e-con-boxed e-con e-parent\" data-id=\"a0146f6\" data-element_type=\"container\">\n\t\t\t\t\t<div class=\"e-con-inner\">\n\t\t\t\t<div class=\"elementor-element elementor-element-6d1a75c elementor-widget elementor-widget-n-accordion\" data-id=\"6d1a75c\" data-element_type=\"widget\" data-settings=\"{&quot;default_state&quot;:&quot;expanded&quot;,&quot;max_items_expended&quot;:&quot;one&quot;,&quot;n_accordion_animation_duration&quot;:{&quot;unit&quot;:&quot;ms&quot;,&quot;size&quot;:400,&quot;sizes&quot;:[]}}\" data-widget_type=\"nested-accordion.default\">\n\t\t\t\t<div class=\"elementor-widget-container\">\n\t\t\t\t\t\t\t<div class=\"e-n-accordion\" aria-label=\"Accordion. Open links with Enter or Space, close with Escape, and navigate with Arrow Keys\">\n\t\t\t\t\t\t<details id=\"e-n-accordion-item-1140\" class=\"e-n-accordion-item\" open>\n\t\t\t\t<summary class=\"e-n-accordion-item-title\" data-accordion-index=\"1\" tabindex=\"0\" aria-expanded=\"true\" aria-controls=\"e-n-accordion-item-1140\" >\n\t\t\t\t\t<span class='e-n-accordion-item-title-header'><div class=\"e-n-accordion-item-title-text\"> Ai-je besoin d'un permis sp\u00e9cial pour louer un van am\u00e9nag\u00e9 en Gr\u00e8ce ? <\/div><\/span>\n\t\t\t\t\t\t\t<span class='e-n-accordion-item-title-icon'>\n\t\t\t<span class='e-opened' ><i aria-hidden=\"true\" class=\"fas fa-minus\"><\/i><\/span>\n\t\t\t<span class='e-closed'><i aria-hidden=\"true\" class=\"fas fa-plus\"><\/i><\/span>\n\t\t<\/span>\n\n\t\t\t\t\t\t<\/summary>\n\t\t\t\t<div role=\"region\" aria-labelledby=\"e-n-accordion-item-1140\" class=\"elementor-element elementor-element-870840b e-con-full e-flex e-con e-child\" data-id=\"870840b\" data-element_type=\"container\">\n\t\t<div role=\"region\" aria-labelledby=\"e-n-accordion-item-1140\" class=\"elementor-element elementor-element-1f6a249 e-flex e-con-boxed e-con e-child\" data-id=\"1f6a249\" data-element_type=\"container\">\n\t\t\t\t\t<div class=\"e-con-inner\">\n\t\t\t\t<div class=\"elementor-element elementor-element-8b04799 elementor-widget elementor-widget-text-editor\" data-id=\"8b04799\" data-element_type=\"widget\" data-widget_type=\"text-editor.default\">\n\t\t\t\t<div class=\"elementor-widget-container\">\n\t\t\t\t\t\t\t\t\t<p>Non. Un permis de conduire standard de cat\u00e9gorie B suffit pour tous nos vans am\u00e9nag\u00e9s. Le permis doit \u00eatre en cours de validit\u00e9 et d\u00e9tenu depuis au moins un an.<\/p>\t\t\t\t\t\t\t\t<\/div>\n\t\t\t\t<\/div>\n\t\t\t\t\t<\/div>\n\t\t\t\t<\/div>\n\t\t\t\t<\/div>\n\t\t\t\t\t<\/details>\n\t\t\t\t\t\t<details id=\"e-n-accordion-item-1141\" class=\"e-n-accordion-item\" >\n\t\t\t\t<summary class=\"e-n-accordion-item-title\" data-accordion-index=\"2\" tabindex=\"-1\" aria-expanded=\"false\" aria-controls=\"e-n-accordion-item-1141\" >\n\t\t\t\t\t<span class='e-n-accordion-item-title-header'><div class=\"e-n-accordion-item-title-text\"> Le camping sauvage est-il autoris\u00e9 en Gr\u00e8ce ? <\/div><\/span>\n\t\t\t\t\t\t\t<span class='e-n-accordion-item-title-icon'>\n\t\t\t<span class='e-opened' ><i aria-hidden=\"true\" class=\"fas fa-minus\"><\/i><\/span>\n\t\t\t<span class='e-closed'><i aria-hidden=\"true\" class=\"fas fa-plus\"><\/i><\/span>\n\t\t<\/span>\n\n\t\t\t\t\t\t<\/summary>\n\t\t\t\t<div role=\"region\" aria-labelledby=\"e-n-accordion-item-1141\" class=\"elementor-element elementor-element-cb8aae9 e-con-full e-flex e-con e-child\" data-id=\"cb8aae9\" data-element_type=\"container\">\n\t\t<div role=\"region\" aria-labelledby=\"e-n-accordion-item-1141\" class=\"elementor-element elementor-element-1adccba e-flex e-con-boxed e-con e-child\" data-id=\"1adccba\" data-element_type=\"container\">\n\t\t\t\t\t<div class=\"e-con-inner\">\n\t\t\t\t<div class=\"elementor-element elementor-element-7d1ace1 elementor-widget elementor-widget-text-editor\" data-id=\"7d1ace1\" data-element_type=\"widget\" data-widget_type=\"text-editor.default\">\n\t\t\t\t<div class=\"elementor-widget-container\">\n\t\t\t\t\t\t\t\t\t<p>Le camping sauvage est g\u00e9n\u00e9ralement interdit en Gr\u00e8ce. Toutefois, il existe de nombreux campings organis\u00e9s et des aires d\u00e9di\u00e9es aux vans o\u00f9 vous pouvez s\u00e9journer en toute l\u00e9galit\u00e9. Nous serons ravis de vous conseiller des endroits adapt\u00e9s sur votre parcours.<\/p>\t\t\t\t\t\t\t\t<\/div>\n\t\t\t\t<\/div>\n\t\t\t\t\t<\/div>\n\t\t\t\t<\/div>\n\t\t\t\t<\/div>\n\t\t\t\t\t<\/details>\n\t\t\t\t\t\t<details id=\"e-n-accordion-item-1142\" class=\"e-n-accordion-item\" >\n\t\t\t\t<summary class=\"e-n-accordion-item-title\" data-accordion-index=\"3\" tabindex=\"-1\" aria-expanded=\"false\" aria-controls=\"e-n-accordion-item-1142\" >\n\t\t\t\t\t<span class='e-n-accordion-item-title-header'><div class=\"e-n-accordion-item-title-text\"> Qu'est-ce qui est inclus dans la location ? <\/div><\/span>\n\t\t\t\t\t\t\t<span class='e-n-accordion-item-title-icon'>\n\t\t\t<span class='e-opened' ><i aria-hidden=\"true\" class=\"fas fa-minus\"><\/i><\/span>\n\t\t\t<span class='e-closed'><i aria-hidden=\"true\" class=\"fas fa-plus\"><\/i><\/span>\n\t\t<\/span>\n\n\t\t\t\t\t\t<\/summary>\n\t\t\t\t<div role=\"region\" aria-labelledby=\"e-n-accordion-item-1142\" class=\"elementor-element elementor-element-b38fb72 e-con-full e-flex e-con e-child\" data-id=\"b38fb72\" data-element_type=\"container\">\n\t\t<div role=\"region\" aria-labelledby=\"e-n-accordion-item-1142\" class=\"elementor-element elementor-element-5cfb5e0 e-flex e-con-boxed e-con e-child\" data-id=\"5cfb5e0\" data-element_type=\"container\">\n\t\t\t\t\t<div class=\"e-con-inner\">\n\t\t\t\t<div class=\"elementor-element elementor-element-d70f251 elementor-widget elementor-widget-text-editor\" data-id=\"d70f251\" data-element_type=\"widget\" data-widget_type=\"text-editor.default\">\n\t\t\t\t<div class=\"elementor-widget-container\">\n\t\t\t\t\t\t\t\t\t<p>Nos vans sont enti\u00e8rement \u00e9quip\u00e9s avec table et chaises de camping, bouteille de gaz pleine, n\u00e9cessaire de cuisine complet et espaces de rangement. Nous restons \u00e0 votre disposition pour discuter de toute autre demande sp\u00e9cifique. Chaque fiche v\u00e9hicule comprend des informations d\u00e9taill\u00e9es sur les \u00e9quipements inclus.<\/p>\t\t\t\t\t\t\t\t<\/div>\n\t\t\t\t<\/div>\n\t\t\t\t\t<\/div>\n\t\t\t\t<\/div>\n\t\t\t\t<\/div>\n\t\t\t\t\t<\/details>\n\t\t\t\t\t\t<details id=\"e-n-accordion-item-1143\" class=\"e-n-accordion-item\" >\n\t\t\t\t<summary class=\"e-n-accordion-item-title\" data-accordion-index=\"4\" tabindex=\"-1\" aria-expanded=\"false\" aria-controls=\"e-n-accordion-item-1143\" >\n\t\t\t\t\t<span class='e-n-accordion-item-title-header'><div class=\"e-n-accordion-item-title-text\"> Puis-je voyager partout en Gr\u00e8ce avec le van ? <\/div><\/span>\n\t\t\t\t\t\t\t<span class='e-n-accordion-item-title-icon'>\n\t\t\t<span class='e-opened' ><i aria-hidden=\"true\" class=\"fas fa-minus\"><\/i><\/span>\n\t\t\t<span class='e-closed'><i aria-hidden=\"true\" class=\"fas fa-plus\"><\/i><\/span>\n\t\t<\/span>\n\n\t\t\t\t\t\t<\/summary>\n\t\t\t\t<div role=\"region\" aria-labelledby=\"e-n-accordion-item-1143\" class=\"elementor-element elementor-element-41a7214 e-flex e-con-boxed e-con e-child\" data-id=\"41a7214\" data-element_type=\"container\">\n\t\t\t\t\t<div class=\"e-con-inner\">\n\t\t<div role=\"region\" aria-labelledby=\"e-n-accordion-item-1143\" class=\"elementor-element elementor-element-3041243 e-con-full e-flex e-con e-child\" data-id=\"3041243\" data-element_type=\"container\">\n\t\t\t\t<div class=\"elementor-element elementor-element-840a850 elementor-widget elementor-widget-text-editor\" data-id=\"840a850\" data-element_type=\"widget\" data-widget_type=\"text-editor.default\">\n\t\t\t\t<div class=\"elementor-widget-container\">\n\t\t\t\t\t\t\t\t\t<p>Oui. Vous pouvez explorer la Gr\u00e8ce continentale et la plupart des r\u00e9gions en toute libert\u00e9. Toutefois, pour les travers\u00e9es en ferry vers les \u00eeles, veuillez nous contacter \u00e0 l'avance afin que nous puissions vous indiquer la marche \u00e0 suivre.<\/p>\t\t\t\t\t\t\t\t<\/div>\n\t\t\t\t<\/div>\n\t\t\t\t<\/div>\n\t\t\t\t\t<\/div>\n\t\t\t\t<\/div>\n\t\t\t\t\t<\/details>\n\t\t\t\t\t\t<details id=\"e-n-accordion-item-1144\" class=\"e-n-accordion-item\" >\n\t\t\t\t<summary class=\"e-n-accordion-item-title\" data-accordion-index=\"5\" tabindex=\"-1\" aria-expanded=\"false\" aria-controls=\"e-n-accordion-item-1144\" >\n\t\t\t\t\t<span class='e-n-accordion-item-title-header'><div class=\"e-n-accordion-item-title-text\"> L'assurance est-elle incluse dans le prix de la location ? <\/div><\/span>\n\t\t\t\t\t\t\t<span class='e-n-accordion-item-title-icon'>\n\t\t\t<span class='e-opened' ><i aria-hidden=\"true\" class=\"fas fa-minus\"><\/i><\/span>\n\t\t\t<span class='e-closed'><i aria-hidden=\"true\" class=\"fas fa-plus\"><\/i><\/span>\n\t\t<\/span>\n\n\t\t\t\t\t\t<\/summary>\n\t\t\t\t<div role=\"region\" aria-labelledby=\"e-n-accordion-item-1144\" class=\"elementor-element elementor-element-079e93f e-flex e-con-boxed e-con e-child\" data-id=\"079e93f\" data-element_type=\"container\">\n\t\t\t\t\t<div class=\"e-con-inner\">\n\t\t<div role=\"region\" aria-labelledby=\"e-n-accordion-item-1144\" class=\"elementor-element elementor-element-07af268 e-con-full e-flex e-con e-child\" data-id=\"07af268\" data-element_type=\"container\">\n\t\t\t\t<div class=\"elementor-element elementor-element-4bbf4f1 elementor-widget elementor-widget-text-editor\" data-id=\"4bbf4f1\" data-element_type=\"widget\" data-widget_type=\"text-editor.default\">\n\t\t\t\t<div class=\"elementor-widget-container\">\n\t\t\t\t\t\t\t\t\t<p>Oui. Toutes les locations incluent une assurance de base. Une couverture suppl\u00e9mentaire optionnelle peut \u00eatre souscrite pour une plus grande tranquillit\u00e9 d'esprit.<\/p>\t\t\t\t\t\t\t\t<\/div>\n\t\t\t\t<\/div>\n\t\t\t\t<\/div>\n\t\t\t\t\t<\/div>\n\t\t\t\t<\/div>\n\t\t\t\t\t<\/details>\n\t\t\t\t\t\t<details id=\"e-n-accordion-item-1145\" class=\"e-n-accordion-item\" >\n\t\t\t\t<summary class=\"e-n-accordion-item-title\" data-accordion-index=\"6\" tabindex=\"-1\" aria-expanded=\"false\" aria-controls=\"e-n-accordion-item-1145\" >\n\t\t\t\t\t<span class='e-n-accordion-item-title-header'><div class=\"e-n-accordion-item-title-text\"> Quelle est la dur\u00e9e minimale de location ? <\/div><\/span>\n\t\t\t\t\t\t\t<span class='e-n-accordion-item-title-icon'>\n\t\t\t<span class='e-opened' ><i aria-hidden=\"true\" class=\"fas fa-minus\"><\/i><\/span>\n\t\t\t<span class='e-closed'><i aria-hidden=\"true\" class=\"fas fa-plus\"><\/i><\/span>\n\t\t<\/span>\n\n\t\t\t\t\t\t<\/summary>\n\t\t\t\t<div role=\"region\" aria-labelledby=\"e-n-accordion-item-1145\" class=\"elementor-element elementor-element-75e0dd2 e-flex e-con-boxed e-con e-child\" data-id=\"75e0dd2\" data-element_type=\"container\">\n\t\t\t\t\t<div class=\"e-con-inner\">\n\t\t<div role=\"region\" aria-labelledby=\"e-n-accordion-item-1145\" class=\"elementor-element elementor-element-b998560 e-con-full e-flex e-con e-child\" data-id=\"b998560\" data-element_type=\"container\">\n\t\t\t\t<div class=\"elementor-element elementor-element-fe41377 elementor-widget elementor-widget-text-editor\" data-id=\"fe41377\" data-element_type=\"widget\" data-widget_type=\"text-editor.default\">\n\t\t\t\t<div class=\"elementor-widget-container\">\n\t\t\t\t\t\t\t\t\t<p>La dur\u00e9e minimale de location d\u00e9pend de la saison. Pendant la haute saison, une dur\u00e9e de s\u00e9jour minimale plus longue peut s'appliquer. V\u00e9rifiez la disponibilit\u00e9 ou contactez-nous pour plus de d\u00e9tails.<\/p>\t\t\t\t\t\t\t\t<\/div>\n\t\t\t\t<\/div>\n\t\t\t\t<\/div>\n\t\t\t\t\t<\/div>\n\t\t\t\t<\/div>\n\t\t\t\t\t<\/details>\n\t\t\t\t\t\t<details id=\"e-n-accordion-item-1146\" class=\"e-n-accordion-item\" >\n\t\t\t\t<summary class=\"e-n-accordion-item-title\" data-accordion-index=\"7\" tabindex=\"-1\" aria-expanded=\"false\" aria-controls=\"e-n-accordion-item-1146\" >\n\t\t\t\t\t<span class='e-n-accordion-item-title-header'><div class=\"e-n-accordion-item-title-text\"> Puis-je r\u00e9cup\u00e9rer et restituer le van dans des lieux diff\u00e9rents ? <\/div><\/span>\n\t\t\t\t\t\t\t<span class='e-n-accordion-item-title-icon'>\n\t\t\t<span class='e-opened' ><i aria-hidden=\"true\" class=\"fas fa-minus\"><\/i><\/span>\n\t\t\t<span class='e-closed'><i aria-hidden=\"true\" class=\"fas fa-plus\"><\/i><\/span>\n\t\t<\/span>\n\n\t\t\t\t\t\t<\/summary>\n\t\t\t\t<div role=\"region\" aria-labelledby=\"e-n-accordion-item-1146\" class=\"elementor-element elementor-element-6dfe173 e-flex e-con-boxed e-con e-child\" data-id=\"6dfe173\" data-element_type=\"container\">\n\t\t\t\t\t<div class=\"e-con-inner\">\n\t\t<div role=\"region\" aria-labelledby=\"e-n-accordion-item-1146\" class=\"elementor-element elementor-element-7b7e6a3 e-con-full e-flex e-con e-child\" data-id=\"7b7e6a3\" data-element_type=\"container\">\n\t\t\t\t<div class=\"elementor-element elementor-element-a2324fe elementor-widget elementor-widget-text-editor\" data-id=\"a2324fe\" data-element_type=\"widget\" data-widget_type=\"text-editor.default\">\n\t\t\t\t<div class=\"elementor-widget-container\">\n\t\t\t\t\t\t\t\t\t<p>Dans certains cas, oui. Les locations en aller simple peuvent \u00eatre disponibles sur demande et peuvent entra\u00eener des frais suppl\u00e9mentaires.<\/p>\t\t\t\t\t\t\t\t<\/div>\n\t\t\t\t<\/div>\n\t\t\t\t<\/div>\n\t\t\t\t\t<\/div>\n\t\t\t\t<\/div>\n\t\t\t\t\t<\/details>\n\t\t\t\t\t<\/div>\n\t\t\t\t\t\t<\/div>\n\t\t\t\t<\/div>\n\t\t\t\t\t<\/div>\n\t\t\t\t<\/div>\n\t\t<div class=\"elementor-element elementor-element-c5fae75 e-flex e-con-boxed e-con e-parent\" data-id=\"c5fae75\" data-element_type=\"container\">\n\t\t\t\t\t<div class=\"e-con-inner\">\n\t\t\t\t<div class=\"elementor-element elementor-element-4aee16d elementor-widget elementor-widget-spacer\" data-id=\"4aee16d\" data-element_type=\"widget\" data-widget_type=\"spacer.default\">\n\t\t\t\t<div class=\"elementor-widget-container\">\n\t\t\t\t\t\t\t<div class=\"elementor-spacer\">\n\t\t\t<div class=\"elementor-spacer-inner\"><\/div>\n\t\t<\/div>\n\t\t\t\t\t\t<\/div>\n\t\t\t\t<\/div>\n\t\t\t\t\t<\/div>\n\t\t\t\t<\/div>\n\t\t<div data-dce-background-image-url=\"https:\/\/theroyalcamper.com\/wp-content\/uploads\/2025\/01\/grr.jpg\" class=\"elementor-element elementor-element-5706078 e-con-full e-flex e-con e-parent\" data-id=\"5706078\" data-element_type=\"container\" data-settings=\"{&quot;background_background&quot;:&quot;classic&quot;,&quot;background_motion_fx_motion_fx_scrolling&quot;:&quot;yes&quot;,&quot;background_motion_fx_devices&quot;:[&quot;desktop&quot;,&quot;tablet&quot;,&quot;mobile&quot;]}\">\n\t\t\t\t<div class=\"elementor-element elementor-element-7afc535 elementor-widget elementor-widget-spacer\" data-id=\"7afc535\" data-element_type=\"widget\" data-widget_type=\"spacer.default\">\n\t\t\t\t<div class=\"elementor-widget-container\">\n\t\t\t\t\t\t\t<div class=\"elementor-spacer\">\n\t\t\t<div class=\"elementor-spacer-inner\"><\/div>\n\t\t<\/div>\n\t\t\t\t\t\t<\/div>\n\t\t\t\t<\/div>\n\t\t\t\t<div class=\"elementor-element elementor-element-48eab92 elementor-widget-mobile__width-initial elementor-widget elementor-widget-heading\" data-id=\"48eab92\" data-element_type=\"widget\" data-widget_type=\"heading.default\">\n\t\t\t\t<div class=\"elementor-widget-container\">\n\t\t\t\t\t<h2 class=\"elementor-heading-title elementor-size-default\">Louez un camping-car en Gr\u00e8ce!<\/h2>\t\t\t\t<\/div>\n\t\t\t\t<\/div>\n\t\t\t\t<div class=\"elementor-element elementor-element-aed6e74 elementor-widget elementor-widget-spacer\" data-id=\"aed6e74\" data-element_type=\"widget\" data-widget_type=\"spacer.default\">\n\t\t\t\t<div class=\"elementor-widget-container\">\n\t\t\t\t\t\t\t<div class=\"elementor-spacer\">\n\t\t\t<div class=\"elementor-spacer-inner\"><\/div>\n\t\t<\/div>\n\t\t\t\t\t\t<\/div>\n\t\t\t\t<\/div>\n\t\t\t\t<\/div>\n\t\t\t\t<\/div>","protected":false},"excerpt":{"rendered":"<p>Camper Van Rentals in Greece Our camper van rentals in Greece are designed for travelers who want complete freedom, comfort, and flexibility. With fully equipped premium camper vans, you can explore Greece at your own pace \u2014 from coastal roads and island gateways to mountain landscapes and remote destinations. Renting a camper van in Greece&hellip;<\/p>","protected":false},"author":1,"featured_media":0,"parent":0,"menu_order":0,"comment_status":"closed","ping_status":"closed","template":"elementor_header_footer","meta":{"_acf_changed":false,"_monsterinsights_skip_tracking":false,"_monsterinsights_sitenote_active":false,"_monsterinsights_sitenote_note":"","_monsterinsights_sitenote_category":0,"footnotes":""},"class_list":["post-1907","page","type-page","status-publish","hentry","description-off"],"acf":[],"yoast_head":"<!-- This site is optimized with the Yoast SEO plugin v27.5 - https:\/\/yoast.com\/product\/yoast-seo-wordpress\/ -->\n<title>Camper Van Rentals in Greece | The Royal Camper<\/title>\n<meta name=\"description\" content=\"Explore premium camper van rentals in Greece. Travel freely across Halkidiki, Crete &amp; Peloponnese with fully equipped campervans. Book today.\" \/>\n<meta name=\"robots\" content=\"index, follow, max-snippet:-1, max-image-preview:large, max-video-preview:-1\" \/>\n<link rel=\"canonical\" href=\"https:\/\/theroyalcamper.com\/fr\/route\/\" \/>\n<meta property=\"og:locale\" content=\"fr_FR\" \/>\n<meta property=\"og:type\" content=\"article\" \/>\n<meta property=\"og:title\" content=\"Camper Van Rentals in Greece | The Royal Camper\" \/>\n<meta property=\"og:description\" content=\"Explore premium camper van rentals in Greece. Travel freely across Halkidiki, Crete &amp; Peloponnese with fully equipped campervans. Book today.\" \/>\n<meta property=\"og:url\" content=\"https:\/\/theroyalcamper.com\/fr\/route\/\" \/>\n<meta property=\"og:site_name\" content=\"The Royal Camper\" \/>\n<meta property=\"article:modified_time\" content=\"2026-02-09T13:22:15+00:00\" \/>\n<meta name=\"twitter:card\" content=\"summary_large_image\" \/>\n<meta name=\"twitter:label1\" content=\"Dur\u00e9e de lecture estim\u00e9e\" \/>\n\t<meta name=\"twitter:data1\" content=\"10 minutes\" \/>\n<script type=\"application\/ld+json\" class=\"yoast-schema-graph\">{\"@context\":\"https:\\\/\\\/schema.org\",\"@graph\":[{\"@type\":\"WebPage\",\"@id\":\"https:\\\/\\\/theroyalcamper.com\\\/route\\\/\",\"url\":\"https:\\\/\\\/theroyalcamper.com\\\/route\\\/\",\"name\":\"Camper Van Rentals in Greece | The Royal Camper\",\"isPartOf\":{\"@id\":\"https:\\\/\\\/theroyalcamper.com\\\/#website\"},\"datePublished\":\"2025-01-28T10:32:52+00:00\",\"dateModified\":\"2026-02-09T13:22:15+00:00\",\"description\":\"Explore premium camper van rentals in Greece. Travel freely across Halkidiki, Crete & Peloponnese with fully equipped campervans. Book today.\",\"breadcrumb\":{\"@id\":\"https:\\\/\\\/theroyalcamper.com\\\/route\\\/#breadcrumb\"},\"inLanguage\":\"fr-FR\",\"potentialAction\":[{\"@type\":\"ReadAction\",\"target\":[\"https:\\\/\\\/theroyalcamper.com\\\/route\\\/\"]}]},{\"@type\":\"BreadcrumbList\",\"@id\":\"https:\\\/\\\/theroyalcamper.com\\\/route\\\/#breadcrumb\",\"itemListElement\":[{\"@type\":\"ListItem\",\"position\":1,\"name\":\"Home\",\"item\":\"https:\\\/\\\/theroyalcamper.com\\\/\"},{\"@type\":\"ListItem\",\"position\":2,\"name\":\"Camper Van Rentals\"}]},{\"@type\":\"WebSite\",\"@id\":\"https:\\\/\\\/theroyalcamper.com\\\/#website\",\"url\":\"https:\\\/\\\/theroyalcamper.com\\\/\",\"name\":\"The Royal Camper\",\"description\":\"The Royal Camper\",\"publisher\":{\"@id\":\"https:\\\/\\\/theroyalcamper.com\\\/#organization\"},\"potentialAction\":[{\"@type\":\"SearchAction\",\"target\":{\"@type\":\"EntryPoint\",\"urlTemplate\":\"https:\\\/\\\/theroyalcamper.com\\\/?s={search_term_string}\"},\"query-input\":{\"@type\":\"PropertyValueSpecification\",\"valueRequired\":true,\"valueName\":\"search_term_string\"}}],\"inLanguage\":\"fr-FR\"},{\"@type\":\"Organization\",\"@id\":\"https:\\\/\\\/theroyalcamper.com\\\/#organization\",\"name\":\"The Royal Camper\",\"url\":\"https:\\\/\\\/theroyalcamper.com\\\/\",\"logo\":{\"@type\":\"ImageObject\",\"inLanguage\":\"fr-FR\",\"@id\":\"https:\\\/\\\/theroyalcamper.com\\\/#\\\/schema\\\/logo\\\/image\\\/\",\"url\":\"https:\\\/\\\/theroyalcamper.com\\\/wp-content\\\/uploads\\\/2024\\\/12\\\/The-Royal-Camper-Logo-3.svg\",\"contentUrl\":\"https:\\\/\\\/theroyalcamper.com\\\/wp-content\\\/uploads\\\/2024\\\/12\\\/The-Royal-Camper-Logo-3.svg\",\"width\":607,\"height\":336,\"caption\":\"The Royal Camper\"},\"image\":{\"@id\":\"https:\\\/\\\/theroyalcamper.com\\\/#\\\/schema\\\/logo\\\/image\\\/\"}}]}<\/script>\n<!-- \/ Yoast SEO plugin. -->","yoast_head_json":{"title":"Camper Van Rentals in Greece | The Royal Camper","description":"Explore premium camper van rentals in Greece. Travel freely across Halkidiki, Crete & Peloponnese with fully equipped campervans. Book today.","robots":{"index":"index","follow":"follow","max-snippet":"max-snippet:-1","max-image-preview":"max-image-preview:large","max-video-preview":"max-video-preview:-1"},"canonical":"https:\/\/theroyalcamper.com\/fr\/route\/","og_locale":"fr_FR","og_type":"article","og_title":"Camper Van Rentals in Greece | The Royal Camper","og_description":"Explore premium camper van rentals in Greece. Travel freely across Halkidiki, Crete & Peloponnese with fully equipped campervans. Book today.","og_url":"https:\/\/theroyalcamper.com\/fr\/route\/","og_site_name":"The Royal Camper","article_modified_time":"2026-02-09T13:22:15+00:00","twitter_card":"summary_large_image","twitter_misc":{"Dur\u00e9e de lecture estim\u00e9e":"10 minutes"},"schema":{"@context":"https:\/\/schema.org","@graph":[{"@type":"WebPage","@id":"https:\/\/theroyalcamper.com\/route\/","url":"https:\/\/theroyalcamper.com\/route\/","name":"Camper Van Rentals in Greece | The Royal Camper","isPartOf":{"@id":"https:\/\/theroyalcamper.com\/#website"},"datePublished":"2025-01-28T10:32:52+00:00","dateModified":"2026-02-09T13:22:15+00:00","description":"Explore premium camper van rentals in Greece. Travel freely across Halkidiki, Crete & Peloponnese with fully equipped campervans. Book today.","breadcrumb":{"@id":"https:\/\/theroyalcamper.com\/route\/#breadcrumb"},"inLanguage":"fr-FR","potentialAction":[{"@type":"ReadAction","target":["https:\/\/theroyalcamper.com\/route\/"]}]},{"@type":"BreadcrumbList","@id":"https:\/\/theroyalcamper.com\/route\/#breadcrumb","itemListElement":[{"@type":"ListItem","position":1,"name":"Home","item":"https:\/\/theroyalcamper.com\/"},{"@type":"ListItem","position":2,"name":"Camper Van Rentals"}]},{"@type":"WebSite","@id":"https:\/\/theroyalcamper.com\/#website","url":"https:\/\/theroyalcamper.com\/","name":"The Royal Camper","description":"The Royal Camper","publisher":{"@id":"https:\/\/theroyalcamper.com\/#organization"},"potentialAction":[{"@type":"SearchAction","target":{"@type":"EntryPoint","urlTemplate":"https:\/\/theroyalcamper.com\/?s={search_term_string}"},"query-input":{"@type":"PropertyValueSpecification","valueRequired":true,"valueName":"search_term_string"}}],"inLanguage":"fr-FR"},{"@type":"Organization","@id":"https:\/\/theroyalcamper.com\/#organization","name":"The Royal Camper","url":"https:\/\/theroyalcamper.com\/","logo":{"@type":"ImageObject","inLanguage":"fr-FR","@id":"https:\/\/theroyalcamper.com\/#\/schema\/logo\/image\/","url":"https:\/\/theroyalcamper.com\/wp-content\/uploads\/2024\/12\/The-Royal-Camper-Logo-3.svg","contentUrl":"https:\/\/theroyalcamper.com\/wp-content\/uploads\/2024\/12\/The-Royal-Camper-Logo-3.svg","width":607,"height":336,"caption":"The Royal Camper"},"image":{"@id":"https:\/\/theroyalcamper.com\/#\/schema\/logo\/image\/"}}]}},"_links":{"self":[{"href":"https:\/\/theroyalcamper.com\/fr\/wp-json\/wp\/v2\/pages\/1907","targetHints":{"allow":["GET"]}}],"collection":[{"href":"https:\/\/theroyalcamper.com\/fr\/wp-json\/wp\/v2\/pages"}],"about":[{"href":"https:\/\/theroyalcamper.com\/fr\/wp-json\/wp\/v2\/types\/page"}],"author":[{"embeddable":true,"href":"https:\/\/theroyalcamper.com\/fr\/wp-json\/wp\/v2\/users\/1"}],"replies":[{"embeddable":true,"href":"https:\/\/theroyalcamper.com\/fr\/wp-json\/wp\/v2\/comments?post=1907"}],"version-history":[{"count":81,"href":"https:\/\/theroyalcamper.com\/fr\/wp-json\/wp\/v2\/pages\/1907\/revisions"}],"predecessor-version":[{"id":3049,"href":"https:\/\/theroyalcamper.com\/fr\/wp-json\/wp\/v2\/pages\/1907\/revisions\/3049"}],"wp:attachment":[{"href":"https:\/\/theroyalcamper.com\/fr\/wp-json\/wp\/v2\/media?parent=1907"}],"curies":[{"name":"wp","href":"https:\/\/api.w.org\/{rel}","templated":true}]}}